{"id":1503,"date":"2024-02-24T06:03:35","date_gmt":"2024-02-24T06:03:35","guid":{"rendered":"https:\/\/behindagreatproject.com\/?post_type=ingehistoria&#038;p=1503"},"modified":"2024-02-24T06:03:39","modified_gmt":"2024-02-24T06:03:39","slug":"ingenieria-en-la-tumba-de-agamenon","status":"publish","type":"ingehistoria","link":"https:\/\/behindagreatproject.com\/es\/ingehistoria\/ingenieria-en-la-tumba-de-agamenon\/","title":{"rendered":"Ingenier\u00eda en la tumba de Agamen\u00f3n"},"content":{"rendered":"\n<div class=\"wp-block-group is-horizontal is-content-justification-left is-nowrap is-layout-flex wp-container-core-group-is-layout-73148322 wp-block-group-is-layout-flex\"><div class=\"wp-block-avatar\"><img alt='Avatar de isabel' src='https:\/\/secure.gravatar.com\/avatar\/69503a0cffa740f719e9672a38d2d789f7e685f283bb3fb1d233d137b746da2c?s=75&#038;d=mm&#038;r=g' srcset='https:\/\/secure.gravatar.com\/avatar\/69503a0cffa740f719e9672a38d2d789f7e685f283bb3fb1d233d137b746da2c?s=150&#038;d=mm&#038;r=g 2x' class='avatar avatar-75 photo wp-block-avatar__image' height='75' width='75' \/><\/div>\n\n\n<div class=\"wp-block-group wp-container-content-19f5658e\"><div class=\"wp-block-group__inner-container is-layout-constrained wp-block-group-is-layout-constrained\">\n<p>1\/ Micenas, Grecia. Sucesos en la Guerra de Troya con su rey Agamen\u00f3n, que habr\u00eda atacado y destruido Troya alrededor del 1200 a. C.<\/p>\n\n\n\n<p>\u00bfSu relaci\u00f3n con las estructuras? Entre otras, la espectacular tumba en la que fue enterrado. \ud83d\udc47\ud83c\udffc<\/p>\n\n\n\n<div class=\"wp-block-columns is-layout-flex wp-container-core-columns-is-layout-9d6595d7 wp-block-columns-is-layout-flex\">\n<div class=\"wp-block-column is-layout-flow wp-block-column-is-layout-flow\">\n<figure class=\"wp-block-image size-large is-resized\"><img loading=\"lazy\" decoding=\"async\" width=\"610\" height=\"1024\" src=\"https:\/\/behindagreatproject.com\/wp-content\/uploads\/2024\/02\/1-1-1-610x1024.jpg\" alt=\"\" class=\"wp-image-1505\" style=\"width:241px;height:auto\" srcset=\"https:\/\/behindagreatproject.com\/wp-content\/uploads\/2024\/02\/1-1-1-610x1024.jpg 610w, https:\/\/behindagreatproject.com\/wp-content\/uploads\/2024\/02\/1-1-1-179x300.jpg 179w, https:\/\/behindagreatproject.com\/wp-content\/uploads\/2024\/02\/1-1-1-768x1288.jpg 768w, https:\/\/behindagreatproject.com\/wp-content\/uploads\/2024\/02\/1-1-1.jpg 772w\" sizes=\"auto, (max-width: 610px) 100vw, 610px\" \/><\/figure>\n<\/div>\n\n\n\n<div class=\"wp-block-column is-layout-flow wp-block-column-is-layout-flow\">\n<figure class=\"wp-block-image size-large\"><img loading=\"lazy\" decoding=\"async\" width=\"1024\" height=\"684\" src=\"https:\/\/behindagreatproject.com\/wp-content\/uploads\/2024\/02\/1-2-1-1024x684.jpg\" alt=\"\" class=\"wp-image-1509\" srcset=\"https:\/\/behindagreatproject.com\/wp-content\/uploads\/2024\/02\/1-2-1-1024x684.jpg 1024w, https:\/\/behindagreatproject.com\/wp-content\/uploads\/2024\/02\/1-2-1-300x200.jpg 300w, https:\/\/behindagreatproject.com\/wp-content\/uploads\/2024\/02\/1-2-1-768x513.jpg 768w, https:\/\/behindagreatproject.com\/wp-content\/uploads\/2024\/02\/1-2-1-1920x1282.jpg 1920w\" sizes=\"auto, (max-width: 1024px) 100vw, 1024px\" \/><\/figure>\n\n\n\n<figure class=\"wp-block-image size-full\"><img loading=\"lazy\" decoding=\"async\" width=\"768\" height=\"464\" src=\"https:\/\/behindagreatproject.com\/wp-content\/uploads\/2024\/02\/1-3-1.jpg\" alt=\"\" class=\"wp-image-1511\" srcset=\"https:\/\/behindagreatproject.com\/wp-content\/uploads\/2024\/02\/1-3-1.jpg 768w, https:\/\/behindagreatproject.com\/wp-content\/uploads\/2024\/02\/1-3-1-300x181.jpg 300w\" sizes=\"auto, (max-width: 768px) 100vw, 768px\" \/><\/figure>\n<\/div>\n<\/div>\n<\/div><\/div>\n<\/div>\n\n\n\n<div class=\"wp-block-group is-horizontal is-content-justification-left is-nowrap is-layout-flex wp-container-core-group-is-layout-73148322 wp-block-group-is-layout-flex\"><div class=\"wp-block-avatar\"><img alt='Avatar de isabel' src='https:\/\/secure.gravatar.com\/avatar\/69503a0cffa740f719e9672a38d2d789f7e685f283bb3fb1d233d137b746da2c?s=75&#038;d=mm&#038;r=g' srcset='https:\/\/secure.gravatar.com\/avatar\/69503a0cffa740f719e9672a38d2d789f7e685f283bb3fb1d233d137b746da2c?s=150&#038;d=mm&#038;r=g 2x' class='avatar avatar-75 photo wp-block-avatar__image' height='75' width='75' \/><\/div>\n\n\n<div class=\"wp-block-group wp-container-content-19f5658e\"><div class=\"wp-block-group__inner-container is-layout-constrained wp-block-group-is-layout-constrained\">\n<p>2\/ Entre 1350 y 1200 a. C. fue la \u00e9poca de mayor prosperidad de Micenas, de la que m\u00e1s restos arqueol\u00f3gicos se conservan. Despu\u00e9s se produjo el declive, cuyo motivo es todo un misterio y est\u00e1 en debate entre los historiadores.<\/p>\n\n\n\n<figure class=\"wp-block-image size-full\"><img loading=\"lazy\" decoding=\"async\" width=\"680\" height=\"563\" src=\"https:\/\/behindagreatproject.com\/wp-content\/uploads\/2024\/02\/2-3.jpg\" alt=\"\" class=\"wp-image-1513\" srcset=\"https:\/\/behindagreatproject.com\/wp-content\/uploads\/2024\/02\/2-3.jpg 680w, https:\/\/behindagreatproject.com\/wp-content\/uploads\/2024\/02\/2-3-300x248.jpg 300w\" sizes=\"auto, (max-width: 680px) 100vw, 680px\" \/><\/figure>\n<\/div><\/div>\n<\/div>\n\n\n\n<div class=\"wp-block-group is-horizontal is-content-justification-left is-nowrap is-layout-flex wp-container-core-group-is-layout-73148322 wp-block-group-is-layout-flex\"><div class=\"wp-block-avatar\"><img alt='Avatar de isabel' src='https:\/\/secure.gravatar.com\/avatar\/69503a0cffa740f719e9672a38d2d789f7e685f283bb3fb1d233d137b746da2c?s=75&#038;d=mm&#038;r=g' srcset='https:\/\/secure.gravatar.com\/avatar\/69503a0cffa740f719e9672a38d2d789f7e685f283bb3fb1d233d137b746da2c?s=150&#038;d=mm&#038;r=g 2x' class='avatar avatar-75 photo wp-block-avatar__image' height='75' width='75' \/><\/div>\n\n\n<div class=\"wp-block-group wp-container-content-19f5658e\"><div class=\"wp-block-group__inner-container is-layout-constrained wp-block-group-is-layout-constrained\">\n<p>3\/ Las primeras excavaciones en Micenas las realiz\u00f3 el arque\u00f3logo griego Kyriakos Pittakis en 1841, que encontr\u00f3 y reconstruy\u00f3 la Puerta de los Leones (aunque dicen que son dos leonas), quiz\u00e1 el elemento m\u00e1s conocido de la antigua ciudad, del 1250 a.C.<\/p>\n\n\n\n<figure class=\"wp-block-image size-full\"><img loading=\"lazy\" decoding=\"async\" width=\"587\" height=\"900\" src=\"https:\/\/behindagreatproject.com\/wp-content\/uploads\/2024\/02\/3-2.jpg\" alt=\"\" class=\"wp-image-1515\" srcset=\"https:\/\/behindagreatproject.com\/wp-content\/uploads\/2024\/02\/3-2.jpg 587w, https:\/\/behindagreatproject.com\/wp-content\/uploads\/2024\/02\/3-2-196x300.jpg 196w\" sizes=\"auto, (max-width: 587px) 100vw, 587px\" \/><\/figure>\n<\/div><\/div>\n<\/div>\n\n\n\n<div class=\"wp-block-group is-horizontal is-content-justification-left is-nowrap is-layout-flex wp-container-core-group-is-layout-73148322 wp-block-group-is-layout-flex\"><div class=\"wp-block-avatar\"><img alt='Avatar de isabel' src='https:\/\/secure.gravatar.com\/avatar\/69503a0cffa740f719e9672a38d2d789f7e685f283bb3fb1d233d137b746da2c?s=75&#038;d=mm&#038;r=g' srcset='https:\/\/secure.gravatar.com\/avatar\/69503a0cffa740f719e9672a38d2d789f7e685f283bb3fb1d233d137b746da2c?s=150&#038;d=mm&#038;r=g 2x' class='avatar avatar-75 photo wp-block-avatar__image' height='75' width='75' \/><\/div>\n\n\n<div class=\"wp-block-group wp-container-content-19f5658e\"><div class=\"wp-block-group__inner-container is-layout-constrained wp-block-group-is-layout-constrained\">\n<p>4\/ F\u00edjate en el dintel de la puerta. Se calcula que pesa unas 20 toneladas, y adem\u00e1s tiene que aguantar a las leonas. La parte central es la que m\u00e1s sufre, la que m\u00e1s se deforma, y por tanto le ponen un mayor grosor que le ayuda a resistir mejor.<\/p>\n\n\n\n<p>(Ley de momentos flectores de regalo para los ingenieros).<\/p>\n\n\n\n<figure class=\"wp-block-image size-full\"><img loading=\"lazy\" decoding=\"async\" width=\"587\" height=\"900\" src=\"https:\/\/behindagreatproject.com\/wp-content\/uploads\/2024\/02\/4-4.jpg\" alt=\"\" class=\"wp-image-1519\" srcset=\"https:\/\/behindagreatproject.com\/wp-content\/uploads\/2024\/02\/4-4.jpg 587w, https:\/\/behindagreatproject.com\/wp-content\/uploads\/2024\/02\/4-4-196x300.jpg 196w\" sizes=\"auto, (max-width: 587px) 100vw, 587px\" \/><\/figure>\n<\/div><\/div>\n<\/div>\n\n\n\n<div class=\"wp-block-group is-horizontal is-content-justification-left is-nowrap is-layout-flex wp-container-core-group-is-layout-73148322 wp-block-group-is-layout-flex\"><div class=\"wp-block-avatar\"><img alt='Avatar de isabel' src='https:\/\/secure.gravatar.com\/avatar\/69503a0cffa740f719e9672a38d2d789f7e685f283bb3fb1d233d137b746da2c?s=75&#038;d=mm&#038;r=g' srcset='https:\/\/secure.gravatar.com\/avatar\/69503a0cffa740f719e9672a38d2d789f7e685f283bb3fb1d233d137b746da2c?s=150&#038;d=mm&#038;r=g 2x' class='avatar avatar-75 photo wp-block-avatar__image' height='75' width='75' \/><\/div>\n\n\n<div class=\"wp-block-group wp-container-content-19f5658e\"><div class=\"wp-block-group__inner-container is-layout-constrained wp-block-group-is-layout-constrained\">\n<p>5\/ Pues parece que hace m\u00e1s de 3000 a\u00f1os ya sab\u00edan estas cosas, de forma intuitiva claro, porque el c\u00e1lculo no viene hasta el siglo XVIII.<\/p>\n\n\n\n<p>Como ejemplos actuales bonitos tenemos el puente de la Tordera, de Eduardo Torroja.<\/p>\n\n\n\n<p>Se llama \u201cforma en vientre de pez\u201d.<\/p>\n\n\n\n<figure class=\"wp-block-image size-full\"><img loading=\"lazy\" decoding=\"async\" width=\"592\" height=\"439\" src=\"https:\/\/behindagreatproject.com\/wp-content\/uploads\/2024\/02\/5-2.jpg\" alt=\"\" class=\"wp-image-1521\" srcset=\"https:\/\/behindagreatproject.com\/wp-content\/uploads\/2024\/02\/5-2.jpg 592w, https:\/\/behindagreatproject.com\/wp-content\/uploads\/2024\/02\/5-2-300x222.jpg 300w\" sizes=\"auto, (max-width: 592px) 100vw, 592px\" \/><\/figure>\n<\/div><\/div>\n<\/div>\n\n\n\n<div class=\"wp-block-group is-horizontal is-content-justification-left is-nowrap is-layout-flex wp-container-core-group-is-layout-73148322 wp-block-group-is-layout-flex\"><div class=\"wp-block-avatar\"><img alt='Avatar de isabel' src='https:\/\/secure.gravatar.com\/avatar\/69503a0cffa740f719e9672a38d2d789f7e685f283bb3fb1d233d137b746da2c?s=75&#038;d=mm&#038;r=g' srcset='https:\/\/secure.gravatar.com\/avatar\/69503a0cffa740f719e9672a38d2d789f7e685f283bb3fb1d233d137b746da2c?s=150&#038;d=mm&#038;r=g 2x' class='avatar avatar-75 photo wp-block-avatar__image' height='75' width='75' \/><\/div>\n\n\n<div class=\"wp-block-group wp-container-content-19f5658e\"><div class=\"wp-block-group__inner-container is-layout-constrained wp-block-group-is-layout-constrained\">\n<p>6\/ En las excavaciones se descubrieron m\u00e1s tarde las tumbas. Aqu\u00ed destaca la tumba de Agamen\u00f3n, que se ha llamado el \u201ctesoro de Atreo\u201d (su padre) tras nuevas dataciones.<\/p>\n\n\n\n<p>P.D: La famosa llamada m\u00e1scara de Agamen\u00f3n encontrada en Micenas est\u00e1 en el Museo Arqueol\u00f3gico Nacional de Atenas.<\/p>\n\n\n\n<figure class=\"wp-block-gallery has-nested-images columns-default is-cropped wp-block-gallery-1 is-layout-flex wp-block-gallery-is-layout-flex\">\n<figure class=\"wp-block-image size-large\"><img loading=\"lazy\" decoding=\"async\" width=\"768\" height=\"464\" data-id=\"1529\" src=\"https:\/\/behindagreatproject.com\/wp-content\/uploads\/2024\/02\/6-1-2.jpg\" alt=\"\" class=\"wp-image-1529\" srcset=\"https:\/\/behindagreatproject.com\/wp-content\/uploads\/2024\/02\/6-1-2.jpg 768w, https:\/\/behindagreatproject.com\/wp-content\/uploads\/2024\/02\/6-1-2-300x181.jpg 300w\" sizes=\"auto, (max-width: 768px) 100vw, 768px\" \/><\/figure>\n\n\n\n<figure class=\"wp-block-image size-large\"><img loading=\"lazy\" decoding=\"async\" width=\"223\" height=\"226\" data-id=\"1527\" src=\"https:\/\/behindagreatproject.com\/wp-content\/uploads\/2024\/02\/6-2-1.jpg\" alt=\"\" class=\"wp-image-1527\"\/><\/figure>\n<\/figure>\n<\/div><\/div>\n<\/div>\n\n\n\n<div class=\"wp-block-group is-horizontal is-content-justification-left is-nowrap is-layout-flex wp-container-core-group-is-layout-73148322 wp-block-group-is-layout-flex\"><div class=\"wp-block-avatar\"><img alt='Avatar de isabel' src='https:\/\/secure.gravatar.com\/avatar\/69503a0cffa740f719e9672a38d2d789f7e685f283bb3fb1d233d137b746da2c?s=75&#038;d=mm&#038;r=g' srcset='https:\/\/secure.gravatar.com\/avatar\/69503a0cffa740f719e9672a38d2d789f7e685f283bb3fb1d233d137b746da2c?s=150&#038;d=mm&#038;r=g 2x' class='avatar avatar-75 photo wp-block-avatar__image' height='75' width='75' \/><\/div>\n\n\n<div class=\"wp-block-group wp-container-content-19f5658e\"><div class=\"wp-block-group__inner-container is-layout-constrained wp-block-group-is-layout-constrained\">\n<p>7\/ Hablemos de la tumba. Esta construcci\u00f3n se denomina tholos (construcci\u00f3n circular), y est\u00e1 excavada en la ladera de una colina.<\/p>\n\n\n\n<figure class=\"wp-block-image size-full\"><img loading=\"lazy\" decoding=\"async\" width=\"4096\" height=\"2734\" src=\"https:\/\/behindagreatproject.com\/wp-content\/uploads\/2024\/02\/7-2.jpg\" alt=\"\" class=\"wp-image-1531\" srcset=\"https:\/\/behindagreatproject.com\/wp-content\/uploads\/2024\/02\/7-2.jpg 4096w, https:\/\/behindagreatproject.com\/wp-content\/uploads\/2024\/02\/7-2-300x200.jpg 300w, https:\/\/behindagreatproject.com\/wp-content\/uploads\/2024\/02\/7-2-1024x684.jpg 1024w, https:\/\/behindagreatproject.com\/wp-content\/uploads\/2024\/02\/7-2-768x513.jpg 768w, https:\/\/behindagreatproject.com\/wp-content\/uploads\/2024\/02\/7-2-1920x1282.jpg 1920w\" sizes=\"auto, (max-width: 4096px) 100vw, 4096px\" \/><\/figure>\n<\/div><\/div>\n<\/div>\n\n\n\n<div class=\"wp-block-group is-horizontal is-content-justification-left is-nowrap is-layout-flex wp-container-core-group-is-layout-73148322 wp-block-group-is-layout-flex\"><div class=\"wp-block-avatar\"><img alt='Avatar de isabel' src='https:\/\/secure.gravatar.com\/avatar\/69503a0cffa740f719e9672a38d2d789f7e685f283bb3fb1d233d137b746da2c?s=75&#038;d=mm&#038;r=g' srcset='https:\/\/secure.gravatar.com\/avatar\/69503a0cffa740f719e9672a38d2d789f7e685f283bb3fb1d233d137b746da2c?s=150&#038;d=mm&#038;r=g 2x' class='avatar avatar-75 photo wp-block-avatar__image' height='75' width='75' \/><\/div>\n\n\n<div class=\"wp-block-group wp-container-content-19f5658e\"><div class=\"wp-block-group__inner-container is-layout-constrained wp-block-group-is-layout-constrained\">\n<p>8\/ Su c\u00fapula es la m\u00e1s grande que se conserva en Grecia de este tipo.<\/p>\n\n\n\n<p>\ud83e\udd13 Altura: 13,5 m.<\/p>\n\n\n\n<p>\ud83e\udd2f Di\u00e1metro: 14,5 m. R\u00e9cord hasta la construcci\u00f3n del Pante\u00f3n en Roma 1000 a\u00f1os despu\u00e9s.<\/p>\n\n\n\n<figure class=\"wp-block-image size-full\"><img loading=\"lazy\" decoding=\"async\" width=\"4096\" height=\"2730\" src=\"https:\/\/behindagreatproject.com\/wp-content\/uploads\/2024\/02\/8-4.jpg\" alt=\"\" class=\"wp-image-1533\" srcset=\"https:\/\/behindagreatproject.com\/wp-content\/uploads\/2024\/02\/8-4.jpg 4096w, https:\/\/behindagreatproject.com\/wp-content\/uploads\/2024\/02\/8-4-300x200.jpg 300w, https:\/\/behindagreatproject.com\/wp-content\/uploads\/2024\/02\/8-4-1024x683.jpg 1024w, https:\/\/behindagreatproject.com\/wp-content\/uploads\/2024\/02\/8-4-768x512.jpg 768w, https:\/\/behindagreatproject.com\/wp-content\/uploads\/2024\/02\/8-4-1920x1280.jpg 1920w\" sizes=\"auto, (max-width: 4096px) 100vw, 4096px\" \/><\/figure>\n<\/div><\/div>\n<\/div>\n\n\n\n<div class=\"wp-block-group is-horizontal is-content-justification-left is-nowrap is-layout-flex wp-container-core-group-is-layout-73148322 wp-block-group-is-layout-flex\"><div class=\"wp-block-avatar\"><img alt='Avatar de isabel' src='https:\/\/secure.gravatar.com\/avatar\/69503a0cffa740f719e9672a38d2d789f7e685f283bb3fb1d233d137b746da2c?s=75&#038;d=mm&#038;r=g' srcset='https:\/\/secure.gravatar.com\/avatar\/69503a0cffa740f719e9672a38d2d789f7e685f283bb3fb1d233d137b746da2c?s=150&#038;d=mm&#038;r=g 2x' class='avatar avatar-75 photo wp-block-avatar__image' height='75' width='75' \/><\/div>\n\n\n<div class=\"wp-block-group wp-container-content-19f5658e\"><div class=\"wp-block-group__inner-container is-layout-constrained wp-block-group-is-layout-constrained\">\n<p>9\/ A la pobre, por ser distinta, la llaman \u201cfalsa c\u00fapula\u201d. Veamos por qu\u00e9.<\/p>\n\n\n\n<p>\u00c9sta es una secci\u00f3n transversal de la c\u00fapula. La constru\u00edan poniendo cada pieza (ver roja) un poco m\u00e1s hacia dentro que la de abajo (naranja). Arriba del todo cerraban con una tapa (azul).<\/p>\n\n\n\n<figure class=\"wp-block-image size-full\"><img loading=\"lazy\" decoding=\"async\" width=\"640\" height=\"306\" src=\"https:\/\/behindagreatproject.com\/wp-content\/uploads\/2024\/02\/9-3.jpg\" alt=\"\" class=\"wp-image-1535\" srcset=\"https:\/\/behindagreatproject.com\/wp-content\/uploads\/2024\/02\/9-3.jpg 640w, https:\/\/behindagreatproject.com\/wp-content\/uploads\/2024\/02\/9-3-300x143.jpg 300w\" sizes=\"auto, (max-width: 640px) 100vw, 640px\" \/><\/figure>\n<\/div><\/div>\n<\/div>\n\n\n\n<div class=\"wp-block-group is-horizontal is-content-justification-left is-nowrap is-layout-flex wp-container-core-group-is-layout-73148322 wp-block-group-is-layout-flex\"><div class=\"wp-block-avatar\"><img alt='Avatar de isabel' src='https:\/\/secure.gravatar.com\/avatar\/69503a0cffa740f719e9672a38d2d789f7e685f283bb3fb1d233d137b746da2c?s=75&#038;d=mm&#038;r=g' srcset='https:\/\/secure.gravatar.com\/avatar\/69503a0cffa740f719e9672a38d2d789f7e685f283bb3fb1d233d137b746da2c?s=150&#038;d=mm&#038;r=g 2x' class='avatar avatar-75 photo wp-block-avatar__image' height='75' width='75' \/><\/div>\n\n\n<div class=\"wp-block-group wp-container-content-19f5658e\"><div class=\"wp-block-group__inner-container is-layout-constrained wp-block-group-is-layout-constrained\">\n<p>10\/ En los arcos, c\u00fapulas y b\u00f3vedas \u201cconvencionales\u201d, las dovelas (piedras) se disponen de forma radial, y hasta que la clave no est\u00e1 colocada, el arco no funciona como tal (izquierda). En el caso de un \u201cfalso arco\u201d, las dos paredes van subiendo al construirse, y en gran parte son estables por s\u00ed solas (derecha).<\/p>\n\n\n\n<figure class=\"wp-block-gallery has-nested-images columns-default is-cropped wp-block-gallery-2 is-layout-flex wp-block-gallery-is-layout-flex\">\n<figure class=\"wp-block-image size-large\"><img loading=\"lazy\" decoding=\"async\" width=\"859\" height=\"585\" data-id=\"1537\" src=\"https:\/\/behindagreatproject.com\/wp-content\/uploads\/2024\/02\/10-1-1.jpg\" alt=\"\" class=\"wp-image-1537\" srcset=\"https:\/\/behindagreatproject.com\/wp-content\/uploads\/2024\/02\/10-1-1.jpg 859w, https:\/\/behindagreatproject.com\/wp-content\/uploads\/2024\/02\/10-1-1-300x204.jpg 300w, https:\/\/behindagreatproject.com\/wp-content\/uploads\/2024\/02\/10-1-1-768x523.jpg 768w\" sizes=\"auto, (max-width: 859px) 100vw, 859px\" \/><\/figure>\n\n\n\n<figure class=\"wp-block-image size-large\"><img loading=\"lazy\" decoding=\"async\" width=\"887\" height=\"591\" data-id=\"1539\" src=\"https:\/\/behindagreatproject.com\/wp-content\/uploads\/2024\/02\/10-2.jpg\" alt=\"\" class=\"wp-image-1539\" srcset=\"https:\/\/behindagreatproject.com\/wp-content\/uploads\/2024\/02\/10-2.jpg 887w, https:\/\/behindagreatproject.com\/wp-content\/uploads\/2024\/02\/10-2-300x200.jpg 300w, https:\/\/behindagreatproject.com\/wp-content\/uploads\/2024\/02\/10-2-768x512.jpg 768w\" sizes=\"auto, (max-width: 887px) 100vw, 887px\" \/><\/figure>\n<\/figure>\n<\/div><\/div>\n<\/div>\n\n\n\n<div class=\"wp-block-group is-horizontal is-content-justification-left is-nowrap is-layout-flex wp-container-core-group-is-layout-73148322 wp-block-group-is-layout-flex\"><div class=\"wp-block-avatar\"><img alt='Avatar de isabel' src='https:\/\/secure.gravatar.com\/avatar\/69503a0cffa740f719e9672a38d2d789f7e685f283bb3fb1d233d137b746da2c?s=75&#038;d=mm&#038;r=g' srcset='https:\/\/secure.gravatar.com\/avatar\/69503a0cffa740f719e9672a38d2d789f7e685f283bb3fb1d233d137b746da2c?s=150&#038;d=mm&#038;r=g 2x' class='avatar avatar-75 photo wp-block-avatar__image' height='75' width='75' \/><\/div>\n\n\n<div class=\"wp-block-group wp-container-content-19f5658e\"><div class=\"wp-block-group__inner-container is-layout-constrained wp-block-group-is-layout-constrained\">\n<p>11\/ Una cosa m\u00e1s en que fijarse. \u00bfY por qu\u00e9 ese hueco triangular sobre el dintel de la puerta?<\/p>\n\n\n\n<p>Buscaban que el peso que tuviera que soportar el dintel fuera el menor posible. Al dejar este tri\u00e1ngulo libre los pesos que vienen de encima tienen que irse hacia los lados buscando el apoyo.<\/p>\n\n\n\n<figure class=\"wp-block-image size-full\"><img loading=\"lazy\" decoding=\"async\" width=\"2227\" height=\"1484\" src=\"https:\/\/behindagreatproject.com\/wp-content\/uploads\/2024\/02\/11-2.jpg\" alt=\"\" class=\"wp-image-1541\" srcset=\"https:\/\/behindagreatproject.com\/wp-content\/uploads\/2024\/02\/11-2.jpg 2227w, https:\/\/behindagreatproject.com\/wp-content\/uploads\/2024\/02\/11-2-300x200.jpg 300w, https:\/\/behindagreatproject.com\/wp-content\/uploads\/2024\/02\/11-2-1024x682.jpg 1024w, https:\/\/behindagreatproject.com\/wp-content\/uploads\/2024\/02\/11-2-768x512.jpg 768w, https:\/\/behindagreatproject.com\/wp-content\/uploads\/2024\/02\/11-2-1920x1279.jpg 1920w\" sizes=\"auto, (max-width: 2227px) 100vw, 2227px\" \/><\/figure>\n<\/div><\/div>\n<\/div>\n\n\n\n<div class=\"wp-block-group is-horizontal is-content-justification-left is-nowrap is-layout-flex wp-container-core-group-is-layout-73148322 wp-block-group-is-layout-flex\"><div class=\"wp-block-avatar\"><img alt='Avatar de isabel' src='https:\/\/secure.gravatar.com\/avatar\/69503a0cffa740f719e9672a38d2d789f7e685f283bb3fb1d233d137b746da2c?s=75&#038;d=mm&#038;r=g' srcset='https:\/\/secure.gravatar.com\/avatar\/69503a0cffa740f719e9672a38d2d789f7e685f283bb3fb1d233d137b746da2c?s=150&#038;d=mm&#038;r=g 2x' class='avatar avatar-75 photo wp-block-avatar__image' height='75' width='75' \/><\/div>\n\n\n<div class=\"wp-block-group wp-container-content-19f5658e\"><div class=\"wp-block-group__inner-container is-layout-constrained wp-block-group-is-layout-constrained\">\n<p>12\/ Lo curioso es que hoy en d\u00eda a esa zona, por ejemplo sobre una ventana en un edificio, la llamamos \u201ctri\u00e1ngulo de descarga\u201d y el movimiento lateral de las fuerzas es un fen\u00f3meno que se produce de forma natural, porque el dintel es menos r\u00edgido que lo que tiene a sus lados.<\/p>\n\n\n\n<figure class=\"wp-block-image size-full\"><img loading=\"lazy\" decoding=\"async\" width=\"910\" height=\"606\" src=\"https:\/\/behindagreatproject.com\/wp-content\/uploads\/2024\/02\/12.jpg\" alt=\"\" class=\"wp-image-1543\" srcset=\"https:\/\/behindagreatproject.com\/wp-content\/uploads\/2024\/02\/12.jpg 910w, https:\/\/behindagreatproject.com\/wp-content\/uploads\/2024\/02\/12-300x200.jpg 300w, https:\/\/behindagreatproject.com\/wp-content\/uploads\/2024\/02\/12-768x511.jpg 768w\" sizes=\"auto, (max-width: 910px) 100vw, 910px\" \/><\/figure>\n<\/div><\/div>\n<\/div>\n\n\n\n<div class=\"wp-block-group is-horizontal is-content-justification-left is-nowrap is-layout-flex wp-container-core-group-is-layout-73148322 wp-block-group-is-layout-flex\"><div class=\"wp-block-avatar\"><img alt='Avatar de isabel' src='https:\/\/secure.gravatar.com\/avatar\/69503a0cffa740f719e9672a38d2d789f7e685f283bb3fb1d233d137b746da2c?s=75&#038;d=mm&#038;r=g' srcset='https:\/\/secure.gravatar.com\/avatar\/69503a0cffa740f719e9672a38d2d789f7e685f283bb3fb1d233d137b746da2c?s=150&#038;d=mm&#038;r=g 2x' class='avatar avatar-75 photo wp-block-avatar__image' height='75' width='75' \/><\/div>\n\n\n<div class=\"wp-block-group wp-container-content-19f5658e\"><div class=\"wp-block-group__inner-container is-layout-constrained wp-block-group-is-layout-constrained\">\n<p>13\/ As\u00ed, el grueso de las cargas que est\u00e1n por encima (verde en imagen anterior) no se \u201capoyan\u201d en el dintel, y \u00e9ste solamente soporta la carga del tri\u00e1ngulo que tiene encima. Aunque en el 1250 a.C. no lo sab\u00edan, se aseguraban de que esto fuera as\u00ed dejando el hueco triangular. \ud83e\udd2f<\/p>\n<\/div><\/div>\n<\/div>\n\n\n\n<div class=\"wp-block-group is-horizontal is-content-justification-left is-nowrap is-layout-flex wp-container-core-group-is-layout-73148322 wp-block-group-is-layout-flex\"><div class=\"wp-block-avatar\"><img alt='Avatar de isabel' src='https:\/\/secure.gravatar.com\/avatar\/69503a0cffa740f719e9672a38d2d789f7e685f283bb3fb1d233d137b746da2c?s=75&#038;d=mm&#038;r=g' srcset='https:\/\/secure.gravatar.com\/avatar\/69503a0cffa740f719e9672a38d2d789f7e685f283bb3fb1d233d137b746da2c?s=150&#038;d=mm&#038;r=g 2x' class='avatar avatar-75 photo wp-block-avatar__image' height='75' width='75' \/><\/div>\n\n\n<div class=\"wp-block-group wp-container-content-19f5658e\"><div class=\"wp-block-group__inner-container is-layout-constrained wp-block-group-is-layout-constrained\">\n<p>14\/ Que por cierto tapaban con lascas decorativas para que no quedara feo. Est\u00e1n algunas piezas en el Museo Brit\u00e1nico de Londres.<\/p>\n\n\n\n<figure class=\"wp-block-gallery has-nested-images columns-default is-cropped wp-block-gallery-3 is-layout-flex wp-block-gallery-is-layout-flex\">\n<figure class=\"wp-block-image size-large\"><img loading=\"lazy\" decoding=\"async\" width=\"757\" height=\"1024\" data-id=\"1545\" src=\"https:\/\/behindagreatproject.com\/wp-content\/uploads\/2024\/02\/13-2-757x1024.jpg\" alt=\"\" class=\"wp-image-1545\" srcset=\"https:\/\/behindagreatproject.com\/wp-content\/uploads\/2024\/02\/13-2-757x1024.jpg 757w, https:\/\/behindagreatproject.com\/wp-content\/uploads\/2024\/02\/13-2-222x300.jpg 222w, https:\/\/behindagreatproject.com\/wp-content\/uploads\/2024\/02\/13-2-768x1039.jpg 768w, https:\/\/behindagreatproject.com\/wp-content\/uploads\/2024\/02\/13-2.jpg 1514w\" sizes=\"auto, (max-width: 757px) 100vw, 757px\" \/><\/figure>\n\n\n\n<figure class=\"wp-block-image size-large\"><img loading=\"lazy\" decoding=\"async\" width=\"768\" height=\"1024\" data-id=\"1547\" src=\"https:\/\/behindagreatproject.com\/wp-content\/uploads\/2024\/02\/13-1-768x1024.jpg\" alt=\"\" class=\"wp-image-1547\" srcset=\"https:\/\/behindagreatproject.com\/wp-content\/uploads\/2024\/02\/13-1-768x1024.jpg 768w, https:\/\/behindagreatproject.com\/wp-content\/uploads\/2024\/02\/13-1-225x300.jpg 225w, https:\/\/behindagreatproject.com\/wp-content\/uploads\/2024\/02\/13-1.jpg 1536w\" sizes=\"auto, (max-width: 768px) 100vw, 768px\" \/><\/figure>\n<\/figure>\n<\/div><\/div>\n<\/div>\n\n\n\n<div class=\"wp-block-group is-horizontal is-content-justification-left is-nowrap is-layout-flex wp-container-core-group-is-layout-73148322 wp-block-group-is-layout-flex\"><div class=\"wp-block-avatar\"><img alt='Avatar de isabel' src='https:\/\/secure.gravatar.com\/avatar\/69503a0cffa740f719e9672a38d2d789f7e685f283bb3fb1d233d137b746da2c?s=75&#038;d=mm&#038;r=g' srcset='https:\/\/secure.gravatar.com\/avatar\/69503a0cffa740f719e9672a38d2d789f7e685f283bb3fb1d233d137b746da2c?s=150&#038;d=mm&#038;r=g 2x' class='avatar avatar-75 photo wp-block-avatar__image' height='75' width='75' \/><\/div>\n\n\n<div class=\"wp-block-group wp-container-content-19f5658e\"><div class=\"wp-block-group__inner-container is-layout-constrained wp-block-group-is-layout-constrained\">\n<p>15\/ La pr\u00f3xima vez que alguien te diga: \u201cnah, si es solo un mont\u00f3n de piedras\u201d, le cuentas un poco de la genial ingenier\u00eda que se marcaban hace m\u00e1s de 3000 a\u00f1os.<\/p>\n\n\n\n<p>Fin<\/p>\n\n\n\n<figure class=\"wp-block-image size-full\"><img loading=\"lazy\" decoding=\"async\" width=\"680\" height=\"453\" src=\"https:\/\/behindagreatproject.com\/wp-content\/uploads\/2024\/02\/14.jpg\" alt=\"\" class=\"wp-image-1549\" srcset=\"https:\/\/behindagreatproject.com\/wp-content\/uploads\/2024\/02\/14.jpg 680w, https:\/\/behindagreatproject.com\/wp-content\/uploads\/2024\/02\/14-300x200.jpg 300w\" sizes=\"auto, (max-width: 680px) 100vw, 680px\" \/><\/figure>\n<\/div><\/div>\n<\/div>\n","protected":false},"featured_media":0,"comment_status":"open","ping_status":"closed","template":"","class_list":["post-1503","ingehistoria","type-ingehistoria","status-publish","hentry"],"acf":[],"yoast_head":"<!-- This site is optimized with the Yoast SEO plugin v26.1.1 - https:\/\/yoast.com\/wordpress\/plugins\/seo\/ -->\n<title>Ingenier\u00eda en la tumba de Agamen\u00f3n - Behind a Great Project<\/title>\n<meta name=\"robots\" content=\"index, follow, max-snippet:-1, max-image-preview:large, max-video-preview:-1\" \/>\n<link rel=\"canonical\" href=\"https:\/\/behindagreatproject.com\/es\/ingehistoria\/ingenieria-en-la-tumba-de-agamenon\/\" \/>\n<meta property=\"og:locale\" content=\"es_ES\" \/>\n<meta property=\"og:type\" content=\"article\" \/>\n<meta property=\"og:title\" content=\"Ingenier\u00eda en la tumba de Agamen\u00f3n - Behind a Great Project\" \/>\n<meta property=\"og:description\" content=\"1\/ Micenas, Grecia. Sucesos en la Guerra de Troya con su rey Agamen\u00f3n, que habr\u00eda atacado y destruido Troya alrededor del 1200 a. C. \u00bfSu relaci\u00f3n con las estructuras? Entre otras, la espectacular tumba en la que fue enterrado. \ud83d\udc47\ud83c\udffc 2\/ Entre 1350 y 1200 a. C. fue la \u00e9poca de mayor prosperidad de Micenas, [&hellip;]\" \/>\n<meta property=\"og:url\" content=\"https:\/\/behindagreatproject.com\/es\/ingehistoria\/ingenieria-en-la-tumba-de-agamenon\/\" \/>\n<meta property=\"og:site_name\" content=\"Behind a Great Project\" \/>\n<meta property=\"article:modified_time\" content=\"2024-02-24T06:03:39+00:00\" \/>\n<meta property=\"og:image\" content=\"https:\/\/behindagreatproject.com\/wp-content\/uploads\/2024\/02\/1-1-1-610x1024.jpg\" \/>\n<meta name=\"twitter:card\" content=\"summary_large_image\" \/>\n<meta name=\"twitter:label1\" content=\"Tiempo de lectura\" \/>\n\t<meta name=\"twitter:data1\" content=\"7 minutos\" \/>\n<script type=\"application\/ld+json\" class=\"yoast-schema-graph\">{\"@context\":\"https:\/\/schema.org\",\"@graph\":[{\"@type\":\"WebPage\",\"@id\":\"https:\/\/behindagreatproject.com\/es\/ingehistoria\/ingenieria-en-la-tumba-de-agamenon\/\",\"url\":\"https:\/\/behindagreatproject.com\/es\/ingehistoria\/ingenieria-en-la-tumba-de-agamenon\/\",\"name\":\"Ingenier\u00eda en la tumba de Agamen\u00f3n - Behind a Great Project\",\"isPartOf\":{\"@id\":\"https:\/\/behindagreatproject.com\/es\/#website\"},\"primaryImageOfPage\":{\"@id\":\"https:\/\/behindagreatproject.com\/es\/ingehistoria\/ingenieria-en-la-tumba-de-agamenon\/#primaryimage\"},\"image\":{\"@id\":\"https:\/\/behindagreatproject.com\/es\/ingehistoria\/ingenieria-en-la-tumba-de-agamenon\/#primaryimage\"},\"thumbnailUrl\":\"https:\/\/behindagreatproject.com\/wp-content\/uploads\/2024\/02\/1-1-1-610x1024.jpg\",\"datePublished\":\"2024-02-24T06:03:35+00:00\",\"dateModified\":\"2024-02-24T06:03:39+00:00\",\"breadcrumb\":{\"@id\":\"https:\/\/behindagreatproject.com\/es\/ingehistoria\/ingenieria-en-la-tumba-de-agamenon\/#breadcrumb\"},\"inLanguage\":\"es\",\"potentialAction\":[{\"@type\":\"ReadAction\",\"target\":[\"https:\/\/behindagreatproject.com\/es\/ingehistoria\/ingenieria-en-la-tumba-de-agamenon\/\"]}]},{\"@type\":\"ImageObject\",\"inLanguage\":\"es\",\"@id\":\"https:\/\/behindagreatproject.com\/es\/ingehistoria\/ingenieria-en-la-tumba-de-agamenon\/#primaryimage\",\"url\":\"https:\/\/behindagreatproject.com\/wp-content\/uploads\/2024\/02\/1-1-1-610x1024.jpg\",\"contentUrl\":\"https:\/\/behindagreatproject.com\/wp-content\/uploads\/2024\/02\/1-1-1-610x1024.jpg\"},{\"@type\":\"BreadcrumbList\",\"@id\":\"https:\/\/behindagreatproject.com\/es\/ingehistoria\/ingenieria-en-la-tumba-de-agamenon\/#breadcrumb\",\"itemListElement\":[{\"@type\":\"ListItem\",\"position\":1,\"name\":\"Home\",\"item\":\"https:\/\/behindagreatproject.com\/es\/\"},{\"@type\":\"ListItem\",\"position\":2,\"name\":\"Ingehistoria\",\"item\":\"https:\/\/behindagreatproject.com\/es\/ingehistoria\/\"},{\"@type\":\"ListItem\",\"position\":3,\"name\":\"Ingenier\u00eda en la tumba de Agamen\u00f3n\"}]},{\"@type\":\"WebSite\",\"@id\":\"https:\/\/behindagreatproject.com\/es\/#website\",\"url\":\"https:\/\/behindagreatproject.com\/es\/\",\"name\":\"Behind a Great Project\",\"description\":\"Great Engineering around the World\",\"potentialAction\":[{\"@type\":\"SearchAction\",\"target\":{\"@type\":\"EntryPoint\",\"urlTemplate\":\"https:\/\/behindagreatproject.com\/es\/?s={search_term_string}\"},\"query-input\":{\"@type\":\"PropertyValueSpecification\",\"valueRequired\":true,\"valueName\":\"search_term_string\"}}],\"inLanguage\":\"es\"}]}<\/script>\n<!-- \/ Yoast SEO plugin. -->","yoast_head_json":{"title":"Ingenier\u00eda en la tumba de Agamen\u00f3n - Behind a Great Project","robots":{"index":"index","follow":"follow","max-snippet":"max-snippet:-1","max-image-preview":"max-image-preview:large","max-video-preview":"max-video-preview:-1"},"canonical":"https:\/\/behindagreatproject.com\/es\/ingehistoria\/ingenieria-en-la-tumba-de-agamenon\/","og_locale":"es_ES","og_type":"article","og_title":"Ingenier\u00eda en la tumba de Agamen\u00f3n - Behind a Great Project","og_description":"1\/ Micenas, Grecia. Sucesos en la Guerra de Troya con su rey Agamen\u00f3n, que habr\u00eda atacado y destruido Troya alrededor del 1200 a. C. \u00bfSu relaci\u00f3n con las estructuras? Entre otras, la espectacular tumba en la que fue enterrado. \ud83d\udc47\ud83c\udffc 2\/ Entre 1350 y 1200 a. C. fue la \u00e9poca de mayor prosperidad de Micenas, [&hellip;]","og_url":"https:\/\/behindagreatproject.com\/es\/ingehistoria\/ingenieria-en-la-tumba-de-agamenon\/","og_site_name":"Behind a Great Project","article_modified_time":"2024-02-24T06:03:39+00:00","og_image":[{"url":"https:\/\/behindagreatproject.com\/wp-content\/uploads\/2024\/02\/1-1-1-610x1024.jpg","type":"","width":"","height":""}],"twitter_card":"summary_large_image","twitter_misc":{"Tiempo de lectura":"7 minutos"},"schema":{"@context":"https:\/\/schema.org","@graph":[{"@type":"WebPage","@id":"https:\/\/behindagreatproject.com\/es\/ingehistoria\/ingenieria-en-la-tumba-de-agamenon\/","url":"https:\/\/behindagreatproject.com\/es\/ingehistoria\/ingenieria-en-la-tumba-de-agamenon\/","name":"Ingenier\u00eda en la tumba de Agamen\u00f3n - Behind a Great Project","isPartOf":{"@id":"https:\/\/behindagreatproject.com\/es\/#website"},"primaryImageOfPage":{"@id":"https:\/\/behindagreatproject.com\/es\/ingehistoria\/ingenieria-en-la-tumba-de-agamenon\/#primaryimage"},"image":{"@id":"https:\/\/behindagreatproject.com\/es\/ingehistoria\/ingenieria-en-la-tumba-de-agamenon\/#primaryimage"},"thumbnailUrl":"https:\/\/behindagreatproject.com\/wp-content\/uploads\/2024\/02\/1-1-1-610x1024.jpg","datePublished":"2024-02-24T06:03:35+00:00","dateModified":"2024-02-24T06:03:39+00:00","breadcrumb":{"@id":"https:\/\/behindagreatproject.com\/es\/ingehistoria\/ingenieria-en-la-tumba-de-agamenon\/#breadcrumb"},"inLanguage":"es","potentialAction":[{"@type":"ReadAction","target":["https:\/\/behindagreatproject.com\/es\/ingehistoria\/ingenieria-en-la-tumba-de-agamenon\/"]}]},{"@type":"ImageObject","inLanguage":"es","@id":"https:\/\/behindagreatproject.com\/es\/ingehistoria\/ingenieria-en-la-tumba-de-agamenon\/#primaryimage","url":"https:\/\/behindagreatproject.com\/wp-content\/uploads\/2024\/02\/1-1-1-610x1024.jpg","contentUrl":"https:\/\/behindagreatproject.com\/wp-content\/uploads\/2024\/02\/1-1-1-610x1024.jpg"},{"@type":"BreadcrumbList","@id":"https:\/\/behindagreatproject.com\/es\/ingehistoria\/ingenieria-en-la-tumba-de-agamenon\/#breadcrumb","itemListElement":[{"@type":"ListItem","position":1,"name":"Home","item":"https:\/\/behindagreatproject.com\/es\/"},{"@type":"ListItem","position":2,"name":"Ingehistoria","item":"https:\/\/behindagreatproject.com\/es\/ingehistoria\/"},{"@type":"ListItem","position":3,"name":"Ingenier\u00eda en la tumba de Agamen\u00f3n"}]},{"@type":"WebSite","@id":"https:\/\/behindagreatproject.com\/es\/#website","url":"https:\/\/behindagreatproject.com\/es\/","name":"Behind a Great Project","description":"Great Engineering around the World","potentialAction":[{"@type":"SearchAction","target":{"@type":"EntryPoint","urlTemplate":"https:\/\/behindagreatproject.com\/es\/?s={search_term_string}"},"query-input":{"@type":"PropertyValueSpecification","valueRequired":true,"valueName":"search_term_string"}}],"inLanguage":"es"}]}},"_links":{"self":[{"href":"https:\/\/behindagreatproject.com\/es\/wp-json\/wp\/v2\/ingehistoria\/1503","targetHints":{"allow":["GET"]}}],"collection":[{"href":"https:\/\/behindagreatproject.com\/es\/wp-json\/wp\/v2\/ingehistoria"}],"about":[{"href":"https:\/\/behindagreatproject.com\/es\/wp-json\/wp\/v2\/types\/ingehistoria"}],"replies":[{"embeddable":true,"href":"https:\/\/behindagreatproject.com\/es\/wp-json\/wp\/v2\/comments?post=1503"}],"wp:attachment":[{"href":"https:\/\/behindagreatproject.com\/es\/wp-json\/wp\/v2\/media?parent=1503"}],"curies":[{"name":"wp","href":"https:\/\/api.w.org\/{rel}","templated":true}]}}