{"id":1553,"date":"2024-02-24T06:21:19","date_gmt":"2024-02-24T06:21:19","guid":{"rendered":"https:\/\/behindagreatproject.com\/?post_type=ingehistoria&#038;p=1553"},"modified":"2024-02-24T06:21:22","modified_gmt":"2024-02-24T06:21:22","slug":"el-despertar-del-hormigon-ii","status":"publish","type":"ingehistoria","link":"https:\/\/behindagreatproject.com\/es\/ingehistoria\/el-despertar-del-hormigon-ii\/","title":{"rendered":"El despertar del hormig\u00f3n II"},"content":{"rendered":"\n<p>EPISODIO II: EDUARDO TORROJA<\/p>\n\n\n\n<p>Primera parte: Los a\u00f1os hasta la Guerra Civil (1899-1936)<\/p>\n\n\n\n<p>(Cuadro de Dami\u00e1n Flores)<\/p>\n\n\n\n<figure class=\"wp-block-image size-full\"><img loading=\"lazy\" decoding=\"async\" width=\"448\" height=\"500\" src=\"https:\/\/behindagreatproject.com\/wp-content\/uploads\/2024\/02\/1-4.jpg\" alt=\"\" class=\"wp-image-1554\" srcset=\"https:\/\/behindagreatproject.com\/wp-content\/uploads\/2024\/02\/1-4.jpg 448w, https:\/\/behindagreatproject.com\/wp-content\/uploads\/2024\/02\/1-4-269x300.jpg 269w\" sizes=\"auto, (max-width: 448px) 100vw, 448px\" \/><\/figure>\n\n\n\n<div class=\"wp-block-group is-horizontal is-content-justification-left is-nowrap is-layout-flex wp-container-core-group-is-layout-73148322 wp-block-group-is-layout-flex\"><div class=\"wp-block-avatar\"><img alt='Avatar de Carlos' src='https:\/\/secure.gravatar.com\/avatar\/b784fbf3ef5153bd4a21106a81c854c0b64e3f8819fe31f233c072e7dd2ea549?s=75&#038;d=mm&#038;r=g' srcset='https:\/\/secure.gravatar.com\/avatar\/b784fbf3ef5153bd4a21106a81c854c0b64e3f8819fe31f233c072e7dd2ea549?s=150&#038;d=mm&#038;r=g 2x' class='avatar avatar-75 photo wp-block-avatar__image' height='75' width='75' \/><\/div>\n\n\n<div class=\"wp-block-group wp-container-content-19f5658e\"><div class=\"wp-block-group__inner-container is-layout-constrained wp-block-group-is-layout-constrained\">\n<p>2\/ Eduardo Torroja Miret nace en 1899 en Madrid y siempre se sinti\u00f3 muy madrile\u00f1o. \u00c9l fue, adem\u00e1s, profeta en su hogar y en ella se encuentran algunas de sus mejores obras.<\/p>\n\n\n\n<p>Su padre, sus dos hermanos y \u00e9l mismo fueron acad\u00e9micos de la Real Academia de las Ciencias&#8230;casi nada.<\/p>\n\n\n\n<figure class=\"wp-block-image size-full\"><img loading=\"lazy\" decoding=\"async\" width=\"556\" height=\"765\" src=\"https:\/\/behindagreatproject.com\/wp-content\/uploads\/2024\/02\/2-5.jpg\" alt=\"\" class=\"wp-image-1558\" srcset=\"https:\/\/behindagreatproject.com\/wp-content\/uploads\/2024\/02\/2-5.jpg 556w, https:\/\/behindagreatproject.com\/wp-content\/uploads\/2024\/02\/2-5-218x300.jpg 218w\" sizes=\"auto, (max-width: 556px) 100vw, 556px\" \/><\/figure>\n<\/div><\/div>\n<\/div>\n\n\n\n<div class=\"wp-block-group is-horizontal is-content-justification-left is-nowrap is-layout-flex wp-container-core-group-is-layout-73148322 wp-block-group-is-layout-flex\"><div class=\"wp-block-avatar\"><img alt='Avatar de Carlos' src='https:\/\/secure.gravatar.com\/avatar\/b784fbf3ef5153bd4a21106a81c854c0b64e3f8819fe31f233c072e7dd2ea549?s=75&#038;d=mm&#038;r=g' srcset='https:\/\/secure.gravatar.com\/avatar\/b784fbf3ef5153bd4a21106a81c854c0b64e3f8819fe31f233c072e7dd2ea549?s=150&#038;d=mm&#038;r=g 2x' class='avatar avatar-75 photo wp-block-avatar__image' height='75' width='75' \/><\/div>\n\n\n<div class=\"wp-block-group wp-container-content-19f5658e\"><div class=\"wp-block-group__inner-container is-layout-constrained wp-block-group-is-layout-constrained\">\n<p>3\/ Estudi\u00f3 Caminos y, tras trabajar con Jos\u00e9 Eugenio Ribera, monta su propia oficina de proyectos, que todav\u00eda hoy, noventa a\u00f1os despu\u00e9s, es una de las m\u00e1s importantes de Espa\u00f1a.<\/p>\n\n\n\n<p>Comencemos el repaso de sus mejores obras hasta 1936.<\/p>\n\n\n\n<p>Comenzamos en Jerez, con el Acueducto de Tempul.<\/p>\n\n\n\n<figure class=\"wp-block-image size-full\"><img loading=\"lazy\" decoding=\"async\" width=\"753\" height=\"446\" src=\"https:\/\/behindagreatproject.com\/wp-content\/uploads\/2024\/02\/3-3.jpg\" alt=\"\" class=\"wp-image-1560\" srcset=\"https:\/\/behindagreatproject.com\/wp-content\/uploads\/2024\/02\/3-3.jpg 753w, https:\/\/behindagreatproject.com\/wp-content\/uploads\/2024\/02\/3-3-300x178.jpg 300w\" sizes=\"auto, (max-width: 753px) 100vw, 753px\" \/><\/figure>\n<\/div><\/div>\n<\/div>\n\n\n\n<div class=\"wp-block-group is-horizontal is-content-justification-left is-nowrap is-layout-flex wp-container-core-group-is-layout-73148322 wp-block-group-is-layout-flex\"><div class=\"wp-block-avatar\"><img alt='Avatar de Carlos' src='https:\/\/secure.gravatar.com\/avatar\/b784fbf3ef5153bd4a21106a81c854c0b64e3f8819fe31f233c072e7dd2ea549?s=75&#038;d=mm&#038;r=g' srcset='https:\/\/secure.gravatar.com\/avatar\/b784fbf3ef5153bd4a21106a81c854c0b64e3f8819fe31f233c072e7dd2ea549?s=150&#038;d=mm&#038;r=g 2x' class='avatar avatar-75 photo wp-block-avatar__image' height='75' width='75' \/><\/div>\n\n\n<div class=\"wp-block-group wp-container-content-19f5658e\"><div class=\"wp-block-group__inner-container is-layout-constrained wp-block-group-is-layout-constrained\">\n<p>4\/ Acueducto sobre el r\u00edo Guadalete para abastecer de agua Jerez, que en palabras de Torroja \u201cla vieja ciudad espa\u00f1ola que produce los nobles vinos de Jerez, necesitan tambi\u00e9n a veces beber agua\u201d&#8230; \ud83d\ude42 Lo dej\u00f3 escrito, no invento.<\/p>\n\n\n\n<figure class=\"wp-block-image size-full\"><img loading=\"lazy\" decoding=\"async\" width=\"2048\" height=\"1116\" src=\"https:\/\/behindagreatproject.com\/wp-content\/uploads\/2024\/02\/4-5.jpg\" alt=\"\" class=\"wp-image-1562\" srcset=\"https:\/\/behindagreatproject.com\/wp-content\/uploads\/2024\/02\/4-5.jpg 2048w, https:\/\/behindagreatproject.com\/wp-content\/uploads\/2024\/02\/4-5-300x163.jpg 300w, https:\/\/behindagreatproject.com\/wp-content\/uploads\/2024\/02\/4-5-1024x558.jpg 1024w, https:\/\/behindagreatproject.com\/wp-content\/uploads\/2024\/02\/4-5-768x419.jpg 768w, https:\/\/behindagreatproject.com\/wp-content\/uploads\/2024\/02\/4-5-1920x1046.jpg 1920w\" sizes=\"auto, (max-width: 2048px) 100vw, 2048px\" \/><\/figure>\n<\/div><\/div>\n<\/div>\n\n\n\n<div class=\"wp-block-group is-horizontal is-content-justification-left is-nowrap is-layout-flex wp-container-core-group-is-layout-73148322 wp-block-group-is-layout-flex\"><div class=\"wp-block-avatar\"><img alt='Avatar de Carlos' src='https:\/\/secure.gravatar.com\/avatar\/b784fbf3ef5153bd4a21106a81c854c0b64e3f8819fe31f233c072e7dd2ea549?s=75&#038;d=mm&#038;r=g' srcset='https:\/\/secure.gravatar.com\/avatar\/b784fbf3ef5153bd4a21106a81c854c0b64e3f8819fe31f233c072e7dd2ea549?s=150&#038;d=mm&#038;r=g 2x' class='avatar avatar-75 photo wp-block-avatar__image' height='75' width='75' \/><\/div>\n\n\n<div class=\"wp-block-group wp-container-content-19f5658e\"><div class=\"wp-block-group__inner-container is-layout-constrained wp-block-group-is-layout-constrained\">\n<p>5\/ Obra de 1925 ten\u00eda el problema de que las dos pilas proyectadas inicialmente ca\u00edan el cauce y no gustaba nada la soluci\u00f3n con las crecidas del Guadalete.<\/p>\n\n\n\n<p>\u00bfQu\u00e9 hace Torroja? Inventa por primera vez en la historia el puente atirantado&#8230;como el de Barrios de Luna \ud83d\ude33? Correcto<\/p>\n\n\n\n<figure class=\"wp-block-image size-full\"><img loading=\"lazy\" decoding=\"async\" width=\"567\" height=\"426\" src=\"https:\/\/behindagreatproject.com\/wp-content\/uploads\/2024\/02\/5-3.jpg\" alt=\"\" class=\"wp-image-1564\" srcset=\"https:\/\/behindagreatproject.com\/wp-content\/uploads\/2024\/02\/5-3.jpg 567w, https:\/\/behindagreatproject.com\/wp-content\/uploads\/2024\/02\/5-3-300x225.jpg 300w\" sizes=\"auto, (max-width: 567px) 100vw, 567px\" \/><\/figure>\n<\/div><\/div>\n<\/div>\n\n\n\n<div class=\"wp-block-group is-horizontal is-content-justification-left is-nowrap is-layout-flex wp-container-core-group-is-layout-73148322 wp-block-group-is-layout-flex\"><div class=\"wp-block-avatar\"><img alt='Avatar de Carlos' src='https:\/\/secure.gravatar.com\/avatar\/b784fbf3ef5153bd4a21106a81c854c0b64e3f8819fe31f233c072e7dd2ea549?s=75&#038;d=mm&#038;r=g' srcset='https:\/\/secure.gravatar.com\/avatar\/b784fbf3ef5153bd4a21106a81c854c0b64e3f8819fe31f233c072e7dd2ea549?s=150&#038;d=mm&#038;r=g 2x' class='avatar avatar-75 photo wp-block-avatar__image' height='75' width='75' \/><\/div>\n\n\n<div class=\"wp-block-group wp-container-content-19f5658e\"><div class=\"wp-block-group__inner-container is-layout-constrained wp-block-group-is-layout-constrained\">\n<p>6\/ Elimina las dos pila del cauce y cuelga ese vano de tirantes en cable de acero. No se hab\u00eda hecho hasta la fecha y lo hizo un joven de 26 a\u00f1os.<\/p>\n\n\n\n<p>Lo hizo antes que nadie y en un momento en que no se hab\u00eda desarrollado la tecnolog\u00eda.<\/p>\n\n\n\n<figure class=\"wp-block-image size-full\"><img loading=\"lazy\" decoding=\"async\" width=\"667\" height=\"375\" src=\"https:\/\/behindagreatproject.com\/wp-content\/uploads\/2024\/02\/6-3.jpg\" alt=\"\" class=\"wp-image-1566\" srcset=\"https:\/\/behindagreatproject.com\/wp-content\/uploads\/2024\/02\/6-3.jpg 667w, https:\/\/behindagreatproject.com\/wp-content\/uploads\/2024\/02\/6-3-300x169.jpg 300w\" sizes=\"auto, (max-width: 667px) 100vw, 667px\" \/><\/figure>\n<\/div><\/div>\n<\/div>\n\n\n\n<div class=\"wp-block-group is-horizontal is-content-justification-left is-nowrap is-layout-flex wp-container-core-group-is-layout-73148322 wp-block-group-is-layout-flex\"><div class=\"wp-block-avatar\"><img alt='Avatar de Carlos' src='https:\/\/secure.gravatar.com\/avatar\/b784fbf3ef5153bd4a21106a81c854c0b64e3f8819fe31f233c072e7dd2ea549?s=75&#038;d=mm&#038;r=g' srcset='https:\/\/secure.gravatar.com\/avatar\/b784fbf3ef5153bd4a21106a81c854c0b64e3f8819fe31f233c072e7dd2ea549?s=150&#038;d=mm&#038;r=g 2x' class='avatar avatar-75 photo wp-block-avatar__image' height='75' width='75' \/><\/div>\n\n\n<div class=\"wp-block-group wp-container-content-19f5658e\"><div class=\"wp-block-group__inner-container is-layout-constrained wp-block-group-is-layout-constrained\">\n<p>7\/ Como no se pod\u00eda dar tensi\u00f3n a los cables en esas fechas, lo hace subiendo la cabeza de la torre. Con eso al pasar los cables de la longitud roja a la azul (mayor) entraban en tensi\u00f3n. \u00bfF\u00e1cil? Visto ahora s\u00ed, en 1925 una genialidad. Una de las mil que hizo.<\/p>\n\n\n\n<figure class=\"wp-block-image size-full\"><img loading=\"lazy\" decoding=\"async\" width=\"2048\" height=\"702\" src=\"https:\/\/behindagreatproject.com\/wp-content\/uploads\/2024\/02\/7-3.jpg\" alt=\"\" class=\"wp-image-1568\" srcset=\"https:\/\/behindagreatproject.com\/wp-content\/uploads\/2024\/02\/7-3.jpg 2048w, https:\/\/behindagreatproject.com\/wp-content\/uploads\/2024\/02\/7-3-300x103.jpg 300w, https:\/\/behindagreatproject.com\/wp-content\/uploads\/2024\/02\/7-3-1024x351.jpg 1024w, https:\/\/behindagreatproject.com\/wp-content\/uploads\/2024\/02\/7-3-768x263.jpg 768w, https:\/\/behindagreatproject.com\/wp-content\/uploads\/2024\/02\/7-3-1920x658.jpg 1920w\" sizes=\"auto, (max-width: 2048px) 100vw, 2048px\" \/><\/figure>\n<\/div><\/div>\n<\/div>\n\n\n\n<div class=\"wp-block-group is-horizontal is-content-justification-left is-nowrap is-layout-flex wp-container-core-group-is-layout-73148322 wp-block-group-is-layout-flex\"><div class=\"wp-block-avatar\"><img alt='Avatar de Carlos' src='https:\/\/secure.gravatar.com\/avatar\/b784fbf3ef5153bd4a21106a81c854c0b64e3f8819fe31f233c072e7dd2ea549?s=75&#038;d=mm&#038;r=g' srcset='https:\/\/secure.gravatar.com\/avatar\/b784fbf3ef5153bd4a21106a81c854c0b64e3f8819fe31f233c072e7dd2ea549?s=150&#038;d=mm&#038;r=g 2x' class='avatar avatar-75 photo wp-block-avatar__image' height='75' width='75' \/><\/div>\n\n\n<div class=\"wp-block-group wp-container-content-19f5658e\"><div class=\"wp-block-group__inner-container is-layout-constrained wp-block-group-is-layout-constrained\">\n<p>8\/ La creatividad de Torroja era infinita, mimaba las ideas, les daba mil vueltas hasta resolverlo a su gusto; ya, pasaba a la siguiente. Pod\u00eda haberse dedicado a explorar las posibilidades de los puentes atirantados, pero hab\u00eda surgido como soluci\u00f3n a algo. A otra cosa.<\/p>\n\n\n\n<figure class=\"wp-block-image size-full\"><img loading=\"lazy\" decoding=\"async\" width=\"243\" height=\"207\" src=\"https:\/\/behindagreatproject.com\/wp-content\/uploads\/2024\/02\/8-5.jpg\" alt=\"\" class=\"wp-image-1570\"\/><\/figure>\n<\/div><\/div>\n<\/div>\n\n\n\n<div class=\"wp-block-group is-horizontal is-content-justification-left is-nowrap is-layout-flex wp-container-core-group-is-layout-73148322 wp-block-group-is-layout-flex\"><div class=\"wp-block-avatar\"><img alt='Avatar de Carlos' src='https:\/\/secure.gravatar.com\/avatar\/b784fbf3ef5153bd4a21106a81c854c0b64e3f8819fe31f233c072e7dd2ea549?s=75&#038;d=mm&#038;r=g' srcset='https:\/\/secure.gravatar.com\/avatar\/b784fbf3ef5153bd4a21106a81c854c0b64e3f8819fe31f233c072e7dd2ea549?s=150&#038;d=mm&#038;r=g 2x' class='avatar avatar-75 photo wp-block-avatar__image' height='75' width='75' \/><\/div>\n\n\n<div class=\"wp-block-group wp-container-content-19f5658e\"><div class=\"wp-block-group__inner-container is-layout-constrained wp-block-group-is-layout-constrained\">\n<p>9\/ Donde Torroja revolucion\u00f3 el mundo del hormig\u00f3n armado, que hab\u00eda nacido a finales del siglo XIX, fue con sus l\u00e1minas de hormig\u00f3n. Merece la pena detenerse en ellas que contar mal m\u00e1s cosas&#8230;creo.<\/p>\n\n\n\n<p>Y en 1933 demuestra por primera vez de lo que es capaz el material con el mercado de Algeciras.<\/p>\n\n\n\n<figure class=\"wp-block-image size-full\"><img loading=\"lazy\" decoding=\"async\" width=\"1200\" height=\"680\" src=\"https:\/\/behindagreatproject.com\/wp-content\/uploads\/2024\/02\/9-4.jpg\" alt=\"\" class=\"wp-image-1572\" srcset=\"https:\/\/behindagreatproject.com\/wp-content\/uploads\/2024\/02\/9-4.jpg 1200w, https:\/\/behindagreatproject.com\/wp-content\/uploads\/2024\/02\/9-4-300x170.jpg 300w, https:\/\/behindagreatproject.com\/wp-content\/uploads\/2024\/02\/9-4-1024x580.jpg 1024w, https:\/\/behindagreatproject.com\/wp-content\/uploads\/2024\/02\/9-4-768x435.jpg 768w\" sizes=\"auto, (max-width: 1200px) 100vw, 1200px\" \/><\/figure>\n<\/div><\/div>\n<\/div>\n\n\n\n<div class=\"wp-block-group is-horizontal is-content-justification-left is-nowrap is-layout-flex wp-container-core-group-is-layout-73148322 wp-block-group-is-layout-flex\"><div class=\"wp-block-avatar\"><img alt='Avatar de Carlos' src='https:\/\/secure.gravatar.com\/avatar\/b784fbf3ef5153bd4a21106a81c854c0b64e3f8819fe31f233c072e7dd2ea549?s=75&#038;d=mm&#038;r=g' srcset='https:\/\/secure.gravatar.com\/avatar\/b784fbf3ef5153bd4a21106a81c854c0b64e3f8819fe31f233c072e7dd2ea549?s=150&#038;d=mm&#038;r=g 2x' class='avatar avatar-75 photo wp-block-avatar__image' height='75' width='75' \/><\/div>\n\n\n<div class=\"wp-block-group wp-container-content-19f5658e\"><div class=\"wp-block-group__inner-container is-layout-constrained wp-block-group-is-layout-constrained\">\n<p>10\/ Es un casquete esf\u00e9rico de 47,62 m (medio campo de f\u00fatbol) que dise\u00f1\u00f3 con el arquitecto S\u00e1nchez Arcas. Y con una maravillosa claraboya octogonal de 10 m.<\/p>\n\n\n\n<p>El trabajo hasta la Guerra Civil con arquitectos fue constante y dio unos frutos geniales.<\/p>\n\n\n\n<figure class=\"wp-block-image size-full\"><img loading=\"lazy\" decoding=\"async\" width=\"489\" height=\"321\" src=\"https:\/\/behindagreatproject.com\/wp-content\/uploads\/2024\/02\/10-3.jpg\" alt=\"\" class=\"wp-image-1574\" srcset=\"https:\/\/behindagreatproject.com\/wp-content\/uploads\/2024\/02\/10-3.jpg 489w, https:\/\/behindagreatproject.com\/wp-content\/uploads\/2024\/02\/10-3-300x197.jpg 300w\" sizes=\"auto, (max-width: 489px) 100vw, 489px\" \/><\/figure>\n<\/div><\/div>\n<\/div>\n\n\n\n<div class=\"wp-block-group is-horizontal is-content-justification-left is-nowrap is-layout-flex wp-container-core-group-is-layout-73148322 wp-block-group-is-layout-flex\"><div class=\"wp-block-avatar\"><img alt='Avatar de Carlos' src='https:\/\/secure.gravatar.com\/avatar\/b784fbf3ef5153bd4a21106a81c854c0b64e3f8819fe31f233c072e7dd2ea549?s=75&#038;d=mm&#038;r=g' srcset='https:\/\/secure.gravatar.com\/avatar\/b784fbf3ef5153bd4a21106a81c854c0b64e3f8819fe31f233c072e7dd2ea549?s=150&#038;d=mm&#038;r=g 2x' class='avatar avatar-75 photo wp-block-avatar__image' height='75' width='75' \/><\/div>\n\n\n<div class=\"wp-block-group wp-container-content-19f5658e\"><div class=\"wp-block-group__inner-container is-layout-constrained wp-block-group-is-layout-constrained\">\n<p>11\/ El mercado es un casquete esf\u00e9rico que apoya en ocho soportes \u00fanicamente como se ve marcado en este plano.<\/p>\n\n\n\n<p>Imaginad media naranja apoyada solo en ocho puntos, que pasar\u00eda con todo el borde fuera de apoyos? Tender\u00eda a caer, \u00bfverdad?<\/p>\n\n\n\n<figure class=\"wp-block-image size-full\"><img loading=\"lazy\" decoding=\"async\" width=\"1024\" height=\"742\" src=\"https:\/\/behindagreatproject.com\/wp-content\/uploads\/2024\/02\/11-3.jpg\" alt=\"\" class=\"wp-image-1576\" srcset=\"https:\/\/behindagreatproject.com\/wp-content\/uploads\/2024\/02\/11-3.jpg 1024w, https:\/\/behindagreatproject.com\/wp-content\/uploads\/2024\/02\/11-3-300x217.jpg 300w, https:\/\/behindagreatproject.com\/wp-content\/uploads\/2024\/02\/11-3-768x557.jpg 768w\" sizes=\"auto, (max-width: 1024px) 100vw, 1024px\" \/><\/figure>\n<\/div><\/div>\n<\/div>\n\n\n\n<div class=\"wp-block-group is-horizontal is-content-justification-left is-nowrap is-layout-flex wp-container-core-group-is-layout-73148322 wp-block-group-is-layout-flex\"><div class=\"wp-block-avatar\"><img alt='Avatar de Carlos' src='https:\/\/secure.gravatar.com\/avatar\/b784fbf3ef5153bd4a21106a81c854c0b64e3f8819fe31f233c072e7dd2ea549?s=75&#038;d=mm&#038;r=g' srcset='https:\/\/secure.gravatar.com\/avatar\/b784fbf3ef5153bd4a21106a81c854c0b64e3f8819fe31f233c072e7dd2ea549?s=150&#038;d=mm&#038;r=g 2x' class='avatar avatar-75 photo wp-block-avatar__image' height='75' width='75' \/><\/div>\n\n\n<div class=\"wp-block-group wp-container-content-19f5658e\"><div class=\"wp-block-group__inner-container is-layout-constrained wp-block-group-is-layout-constrained\">\n<p>12\/ Torroja, para evitar esto, elimina los bordes de la esfera antes de llegar al borde y los rigidiza con \u201cviseras\u201d cil\u00edndricas recortadas. Lo pod\u00e9is ver bien en esta foto en amarillo.<\/p>\n\n\n\n<p>Algo que parecer\u00eda un remate est\u00e9tico evita que los bordes se \u201ccaigan\u201d. Hay mucha ciencia ah\u00ed.<\/p>\n\n\n\n<figure class=\"wp-block-image size-full\"><img loading=\"lazy\" decoding=\"async\" width=\"173\" height=\"130\" src=\"https:\/\/behindagreatproject.com\/wp-content\/uploads\/2024\/02\/12-1.jpg\" alt=\"\" class=\"wp-image-1578\"\/><\/figure>\n<\/div><\/div>\n<\/div>\n\n\n\n<div class=\"wp-block-group is-horizontal is-content-justification-left is-nowrap is-layout-flex wp-container-core-group-is-layout-73148322 wp-block-group-is-layout-flex\"><div class=\"wp-block-avatar\"><img alt='Avatar de Carlos' src='https:\/\/secure.gravatar.com\/avatar\/b784fbf3ef5153bd4a21106a81c854c0b64e3f8819fe31f233c072e7dd2ea549?s=75&#038;d=mm&#038;r=g' srcset='https:\/\/secure.gravatar.com\/avatar\/b784fbf3ef5153bd4a21106a81c854c0b64e3f8819fe31f233c072e7dd2ea549?s=150&#038;d=mm&#038;r=g 2x' class='avatar avatar-75 photo wp-block-avatar__image' height='75' width='75' \/><\/div>\n\n\n<div class=\"wp-block-group wp-container-content-19f5658e\"><div class=\"wp-block-group__inner-container is-layout-constrained wp-block-group-is-layout-constrained\">\n<p>13\/ Y para evitar que la c\u00fapula se \u201cdespatarre\u201d y se abra? Une todos los apoyos con unos tensores que evitan que cedan y la carga solo sea vertical. Aqu\u00ed creo que se entiende bien en este esquema.<\/p>\n\n\n\n<p>Si el trabajo de los ingenieros est\u00e1 en resolver bien los detalles, Torroja es el rey.<\/p>\n\n\n\n<figure class=\"wp-block-image size-full\"><img loading=\"lazy\" decoding=\"async\" width=\"2048\" height=\"1404\" src=\"https:\/\/behindagreatproject.com\/wp-content\/uploads\/2024\/02\/13.jpg\" alt=\"\" class=\"wp-image-1580\" srcset=\"https:\/\/behindagreatproject.com\/wp-content\/uploads\/2024\/02\/13.jpg 2048w, https:\/\/behindagreatproject.com\/wp-content\/uploads\/2024\/02\/13-300x206.jpg 300w, https:\/\/behindagreatproject.com\/wp-content\/uploads\/2024\/02\/13-1024x702.jpg 1024w, https:\/\/behindagreatproject.com\/wp-content\/uploads\/2024\/02\/13-768x527.jpg 768w, https:\/\/behindagreatproject.com\/wp-content\/uploads\/2024\/02\/13-1920x1316.jpg 1920w\" sizes=\"auto, (max-width: 2048px) 100vw, 2048px\" \/><\/figure>\n<\/div><\/div>\n<\/div>\n\n\n\n<div class=\"wp-block-group is-horizontal is-content-justification-left is-nowrap is-layout-flex wp-container-core-group-is-layout-73148322 wp-block-group-is-layout-flex\"><div class=\"wp-block-avatar\"><img alt='Avatar de Carlos' src='https:\/\/secure.gravatar.com\/avatar\/b784fbf3ef5153bd4a21106a81c854c0b64e3f8819fe31f233c072e7dd2ea549?s=75&#038;d=mm&#038;r=g' srcset='https:\/\/secure.gravatar.com\/avatar\/b784fbf3ef5153bd4a21106a81c854c0b64e3f8819fe31f233c072e7dd2ea549?s=150&#038;d=mm&#038;r=g 2x' class='avatar avatar-75 photo wp-block-avatar__image' height='75' width='75' \/><\/div>\n\n\n<div class=\"wp-block-group wp-container-content-19f5658e\"><div class=\"wp-block-group__inner-container is-layout-constrained wp-block-group-is-layout-constrained\">\n<p>14\/ Como a toda catedral se entra en silencio y con respeto, entremos a la de los Ingenieros de Caminos: en el Hip\u00f3dromo de la Zarzuela.<\/p>\n\n\n\n<p>Voy a relataros c\u00f3mo se gesta una catedral. Y voy a tardar en escribir esto mucho m\u00e1s que \u00e9l en crearla \ud83d\ude09<\/p>\n\n\n\n<figure class=\"wp-block-image size-full\"><img loading=\"lazy\" decoding=\"async\" width=\"2048\" height=\"1536\" src=\"https:\/\/behindagreatproject.com\/wp-content\/uploads\/2024\/02\/14-1.jpg\" alt=\"\" class=\"wp-image-1582\" srcset=\"https:\/\/behindagreatproject.com\/wp-content\/uploads\/2024\/02\/14-1.jpg 2048w, https:\/\/behindagreatproject.com\/wp-content\/uploads\/2024\/02\/14-1-300x225.jpg 300w, https:\/\/behindagreatproject.com\/wp-content\/uploads\/2024\/02\/14-1-1024x768.jpg 1024w, https:\/\/behindagreatproject.com\/wp-content\/uploads\/2024\/02\/14-1-768x576.jpg 768w, https:\/\/behindagreatproject.com\/wp-content\/uploads\/2024\/02\/14-1-1920x1440.jpg 1920w\" sizes=\"auto, (max-width: 2048px) 100vw, 2048px\" \/><\/figure>\n<\/div><\/div>\n<\/div>\n\n\n\n<div class=\"wp-block-group is-horizontal is-content-justification-left is-nowrap is-layout-flex wp-container-core-group-is-layout-73148322 wp-block-group-is-layout-flex\"><div class=\"wp-block-avatar\"><img alt='Avatar de Carlos' src='https:\/\/secure.gravatar.com\/avatar\/b784fbf3ef5153bd4a21106a81c854c0b64e3f8819fe31f233c072e7dd2ea549?s=75&#038;d=mm&#038;r=g' srcset='https:\/\/secure.gravatar.com\/avatar\/b784fbf3ef5153bd4a21106a81c854c0b64e3f8819fe31f233c072e7dd2ea549?s=150&#038;d=mm&#038;r=g 2x' class='avatar avatar-75 photo wp-block-avatar__image' height='75' width='75' \/><\/div>\n\n\n<div class=\"wp-block-group wp-container-content-19f5658e\"><div class=\"wp-block-group__inner-container is-layout-constrained wp-block-group-is-layout-constrained\">\n<figure class=\"wp-block-image size-large\"><img loading=\"lazy\" decoding=\"async\" width=\"1024\" height=\"599\" src=\"https:\/\/behindagreatproject.com\/wp-content\/uploads\/2024\/02\/15-1024x599.jpg\" alt=\"\" class=\"wp-image-1584\" srcset=\"https:\/\/behindagreatproject.com\/wp-content\/uploads\/2024\/02\/15-1024x599.jpg 1024w, https:\/\/behindagreatproject.com\/wp-content\/uploads\/2024\/02\/15-300x175.jpg 300w, https:\/\/behindagreatproject.com\/wp-content\/uploads\/2024\/02\/15-768x449.jpg 768w, https:\/\/behindagreatproject.com\/wp-content\/uploads\/2024\/02\/15-1920x1123.jpg 1920w, https:\/\/behindagreatproject.com\/wp-content\/uploads\/2024\/02\/15.jpg 2048w\" sizes=\"auto, (max-width: 1024px) 100vw, 1024px\" \/><\/figure>\n\n\n\n<p>15\/ Sali\u00f3 a concurso con tres meses de plazo, de los cuales la mayor parte de ellos se ocuparon en entender y dise\u00f1ar los aspectos funcionales de un hip\u00f3dromo.<\/p>\n\n\n\n<p>Esta es la secci\u00f3n que ten\u00edan a pocos d\u00edas de presentar. Y, como dice Torroja, lo daban por perdido.<\/p>\n\n\n\n<figure class=\"wp-block-image size-full\"><img loading=\"lazy\" decoding=\"async\" width=\"2048\" height=\"1198\" src=\"https:\/\/behindagreatproject.com\/wp-content\/uploads\/2024\/02\/15-1.jpg\" alt=\"\" class=\"wp-image-1586\" srcset=\"https:\/\/behindagreatproject.com\/wp-content\/uploads\/2024\/02\/15-1.jpg 2048w, https:\/\/behindagreatproject.com\/wp-content\/uploads\/2024\/02\/15-1-300x175.jpg 300w, https:\/\/behindagreatproject.com\/wp-content\/uploads\/2024\/02\/15-1-1024x599.jpg 1024w, https:\/\/behindagreatproject.com\/wp-content\/uploads\/2024\/02\/15-1-768x449.jpg 768w, https:\/\/behindagreatproject.com\/wp-content\/uploads\/2024\/02\/15-1-1920x1123.jpg 1920w\" sizes=\"auto, (max-width: 2048px) 100vw, 2048px\" \/><\/figure>\n<\/div><\/div>\n<\/div>\n\n\n\n<div class=\"wp-block-group is-horizontal is-content-justification-left is-nowrap is-layout-flex wp-container-core-group-is-layout-73148322 wp-block-group-is-layout-flex\"><div class=\"wp-block-avatar\"><img alt='Avatar de Carlos' src='https:\/\/secure.gravatar.com\/avatar\/b784fbf3ef5153bd4a21106a81c854c0b64e3f8819fe31f233c072e7dd2ea549?s=75&#038;d=mm&#038;r=g' srcset='https:\/\/secure.gravatar.com\/avatar\/b784fbf3ef5153bd4a21106a81c854c0b64e3f8819fe31f233c072e7dd2ea549?s=150&#038;d=mm&#038;r=g 2x' class='avatar avatar-75 photo wp-block-avatar__image' height='75' width='75' \/><\/div>\n\n\n<div class=\"wp-block-group wp-container-content-19f5658e\"><div class=\"wp-block-group__inner-container is-layout-constrained wp-block-group-is-layout-constrained\">\n<p>16\/ Y una noche, a la una de la ma\u00f1ana en su despacho, en unos segundos el l\u00e1piz de Torroja crea el cambio.<\/p>\n\n\n\n<p>He preparado unos esquemas y solo os explicar\u00e9 lo que un genio ve, sin m\u00e1s, lo ve.<\/p>\n\n\n\n<p>Paso 1: si el voladizo pesa m\u00e1s por delante, atr\u00e1s levantar\u00e1\u2026 \u00bfpara qu\u00e9 poner un muro?<\/p>\n\n\n\n<figure class=\"wp-block-image size-full\"><img loading=\"lazy\" decoding=\"async\" width=\"1024\" height=\"1024\" src=\"https:\/\/behindagreatproject.com\/wp-content\/uploads\/2024\/02\/16.jpg\" alt=\"\" class=\"wp-image-1588\" srcset=\"https:\/\/behindagreatproject.com\/wp-content\/uploads\/2024\/02\/16.jpg 1024w, https:\/\/behindagreatproject.com\/wp-content\/uploads\/2024\/02\/16-300x300.jpg 300w, https:\/\/behindagreatproject.com\/wp-content\/uploads\/2024\/02\/16-150x150.jpg 150w, https:\/\/behindagreatproject.com\/wp-content\/uploads\/2024\/02\/16-768x768.jpg 768w, https:\/\/behindagreatproject.com\/wp-content\/uploads\/2024\/02\/16-120x120.jpg 120w\" sizes=\"auto, (max-width: 1024px) 100vw, 1024px\" \/><\/figure>\n<\/div><\/div>\n<\/div>\n\n\n\n<div class=\"wp-block-group is-horizontal is-content-justification-left is-nowrap is-layout-flex wp-container-core-group-is-layout-73148322 wp-block-group-is-layout-flex\"><div class=\"wp-block-avatar\"><img alt='Avatar de Carlos' src='https:\/\/secure.gravatar.com\/avatar\/b784fbf3ef5153bd4a21106a81c854c0b64e3f8819fe31f233c072e7dd2ea549?s=75&#038;d=mm&#038;r=g' srcset='https:\/\/secure.gravatar.com\/avatar\/b784fbf3ef5153bd4a21106a81c854c0b64e3f8819fe31f233c072e7dd2ea549?s=150&#038;d=mm&#038;r=g 2x' class='avatar avatar-75 photo wp-block-avatar__image' height='75' width='75' \/><\/div>\n\n\n<div class=\"wp-block-group wp-container-content-19f5658e\"><div class=\"wp-block-group__inner-container is-layout-constrained wp-block-group-is-layout-constrained\">\n<p>17\/ Y para qu\u00e9 apoyar la galer\u00eda al suelo si puede ir colgada del pilar central? Fuera esos apoyos.<\/p>\n\n\n\n<p>Paso 2: con lo que pesa el voladizo y si nieva (burda nieve representada en amarillo \ud83d\ude02) hay que rigidizar el pilar central. Pero lo articulo arriba y abajo porque puedo \ud83d\ude42<\/p>\n\n\n\n<figure class=\"wp-block-image size-full\"><img loading=\"lazy\" decoding=\"async\" width=\"1024\" height=\"1024\" src=\"https:\/\/behindagreatproject.com\/wp-content\/uploads\/2024\/02\/17.jpg\" alt=\"\" class=\"wp-image-1590\" srcset=\"https:\/\/behindagreatproject.com\/wp-content\/uploads\/2024\/02\/17.jpg 1024w, https:\/\/behindagreatproject.com\/wp-content\/uploads\/2024\/02\/17-300x300.jpg 300w, https:\/\/behindagreatproject.com\/wp-content\/uploads\/2024\/02\/17-150x150.jpg 150w, https:\/\/behindagreatproject.com\/wp-content\/uploads\/2024\/02\/17-768x768.jpg 768w, https:\/\/behindagreatproject.com\/wp-content\/uploads\/2024\/02\/17-120x120.jpg 120w\" sizes=\"auto, (max-width: 1024px) 100vw, 1024px\" \/><\/figure>\n<\/div><\/div>\n<\/div>\n\n\n\n<div class=\"wp-block-group is-horizontal is-content-justification-left is-nowrap is-layout-flex wp-container-core-group-is-layout-73148322 wp-block-group-is-layout-flex\"><div class=\"wp-block-avatar\"><img alt='Avatar de Carlos' src='https:\/\/secure.gravatar.com\/avatar\/b784fbf3ef5153bd4a21106a81c854c0b64e3f8819fe31f233c072e7dd2ea549?s=75&#038;d=mm&#038;r=g' srcset='https:\/\/secure.gravatar.com\/avatar\/b784fbf3ef5153bd4a21106a81c854c0b64e3f8819fe31f233c072e7dd2ea549?s=150&#038;d=mm&#038;r=g 2x' class='avatar avatar-75 photo wp-block-avatar__image' height='75' width='75' \/><\/div>\n\n\n<div class=\"wp-block-group wp-container-content-19f5658e\"><div class=\"wp-block-group__inner-container is-layout-constrained wp-block-group-is-layout-constrained\">\n<p>18\/ Paso 3: aprovecho la rigidez del grader\u00edo unido al pilar central&#8230;y, co\u00f1o, lo que pide ah\u00ed son dos curvas circulares que encajan perfectamente. (Ese \u201cco\u00f1o\u201d no creo que lo dijera Torroja \ud83d\ude42<\/p>\n\n\n\n<p>Y la cubierta, \u00bfqu\u00e9 forma le damos?&#8230;todo lo hemos encajado con curvas&#8230;<\/p>\n\n\n\n<figure class=\"wp-block-image size-full\"><img loading=\"lazy\" decoding=\"async\" width=\"700\" height=\"478\" src=\"https:\/\/behindagreatproject.com\/wp-content\/uploads\/2024\/02\/18.jpg\" alt=\"\" class=\"wp-image-1592\" srcset=\"https:\/\/behindagreatproject.com\/wp-content\/uploads\/2024\/02\/18.jpg 700w, https:\/\/behindagreatproject.com\/wp-content\/uploads\/2024\/02\/18-300x205.jpg 300w\" sizes=\"auto, (max-width: 700px) 100vw, 700px\" \/><\/figure>\n<\/div><\/div>\n<\/div>\n\n\n\n<div class=\"wp-block-group is-horizontal is-content-justification-left is-nowrap is-layout-flex wp-container-core-group-is-layout-73148322 wp-block-group-is-layout-flex\"><div class=\"wp-block-avatar\"><img alt='Avatar de Carlos' src='https:\/\/secure.gravatar.com\/avatar\/b784fbf3ef5153bd4a21106a81c854c0b64e3f8819fe31f233c072e7dd2ea549?s=75&#038;d=mm&#038;r=g' srcset='https:\/\/secure.gravatar.com\/avatar\/b784fbf3ef5153bd4a21106a81c854c0b64e3f8819fe31f233c072e7dd2ea549?s=150&#038;d=mm&#038;r=g 2x' class='avatar avatar-75 photo wp-block-avatar__image' height='75' width='75' \/><\/div>\n\n\n<div class=\"wp-block-group wp-container-content-19f5658e\"><div class=\"wp-block-group__inner-container is-layout-constrained wp-block-group-is-layout-constrained\">\n<p>19\/ Necesitamos m\u00e1s altura de cubierta en el pilar que en el voladizo&#8230;posibilidades:<\/p>\n\n\n\n<p>&#8211; Cil\u00edndricas.<\/p>\n\n\n\n<p>&#8211; C\u00f3nicas.<\/p>\n\n\n\n<p>&#8211; Hiperboloide de revoluci\u00f3n.<\/p>\n\n\n\n<figure class=\"wp-block-image size-full\"><img loading=\"lazy\" decoding=\"async\" width=\"1024\" height=\"1024\" src=\"https:\/\/behindagreatproject.com\/wp-content\/uploads\/2024\/02\/19.jpg\" alt=\"\" class=\"wp-image-1594\" srcset=\"https:\/\/behindagreatproject.com\/wp-content\/uploads\/2024\/02\/19.jpg 1024w, https:\/\/behindagreatproject.com\/wp-content\/uploads\/2024\/02\/19-300x300.jpg 300w, https:\/\/behindagreatproject.com\/wp-content\/uploads\/2024\/02\/19-150x150.jpg 150w, https:\/\/behindagreatproject.com\/wp-content\/uploads\/2024\/02\/19-768x768.jpg 768w, https:\/\/behindagreatproject.com\/wp-content\/uploads\/2024\/02\/19-120x120.jpg 120w\" sizes=\"auto, (max-width: 1024px) 100vw, 1024px\" \/><\/figure>\n<\/div><\/div>\n<\/div>\n\n\n\n<div class=\"wp-block-group is-horizontal is-content-justification-left is-nowrap is-layout-flex wp-container-core-group-is-layout-73148322 wp-block-group-is-layout-flex\"><div class=\"wp-block-avatar\"><img alt='Avatar de Carlos' src='https:\/\/secure.gravatar.com\/avatar\/b784fbf3ef5153bd4a21106a81c854c0b64e3f8819fe31f233c072e7dd2ea549?s=75&#038;d=mm&#038;r=g' srcset='https:\/\/secure.gravatar.com\/avatar\/b784fbf3ef5153bd4a21106a81c854c0b64e3f8819fe31f233c072e7dd2ea549?s=150&#038;d=mm&#038;r=g 2x' class='avatar avatar-75 photo wp-block-avatar__image' height='75' width='75' \/><\/div>\n\n\n<div class=\"wp-block-group wp-container-content-19f5658e\"><div class=\"wp-block-group__inner-container is-layout-constrained wp-block-group-is-layout-constrained\">\n<p>20\/ Correcto: Hiperboloide de revoluci\u00f3n. \u00bfEs una soluci\u00f3n f\u00e1cil? No, es una soluci\u00f3n de Torroja. Y por eso \u00e9l es Torroja y nosotros no.<\/p>\n\n\n\n<p>Mirad que bien se ve el encuentro de los hiperboloides con las pilas en la maqueta del museo Torroja. Qu\u00e9 fino como se va abriendo en el encuentro.<\/p>\n\n\n\n<figure class=\"wp-block-image size-full\"><img loading=\"lazy\" decoding=\"async\" width=\"510\" height=\"680\" src=\"https:\/\/behindagreatproject.com\/wp-content\/uploads\/2024\/02\/20.jpg\" alt=\"\" class=\"wp-image-1596\" srcset=\"https:\/\/behindagreatproject.com\/wp-content\/uploads\/2024\/02\/20.jpg 510w, https:\/\/behindagreatproject.com\/wp-content\/uploads\/2024\/02\/20-225x300.jpg 225w\" sizes=\"auto, (max-width: 510px) 100vw, 510px\" \/><\/figure>\n<\/div><\/div>\n<\/div>\n\n\n\n<div class=\"wp-block-group is-horizontal is-content-justification-left is-nowrap is-layout-flex wp-container-core-group-is-layout-73148322 wp-block-group-is-layout-flex\"><div class=\"wp-block-avatar\"><img alt='Avatar de Carlos' src='https:\/\/secure.gravatar.com\/avatar\/b784fbf3ef5153bd4a21106a81c854c0b64e3f8819fe31f233c072e7dd2ea549?s=75&#038;d=mm&#038;r=g' srcset='https:\/\/secure.gravatar.com\/avatar\/b784fbf3ef5153bd4a21106a81c854c0b64e3f8819fe31f233c072e7dd2ea549?s=150&#038;d=mm&#038;r=g 2x' class='avatar avatar-75 photo wp-block-avatar__image' height='75' width='75' \/><\/div>\n\n\n<div class=\"wp-block-group wp-container-content-19f5658e\"><div class=\"wp-block-group__inner-container is-layout-constrained wp-block-group-is-layout-constrained\">\n<p>21\/ Obra de 1933 con los arquitectos Arniches y Dom\u00ednguez que aportaron la distribuci\u00f3n de espacios y la coherencia visual del conjunto. Este detalle de los encuentros es suyo y me gusta mucho.<\/p>\n\n\n\n<figure class=\"wp-block-image size-full\"><img loading=\"lazy\" decoding=\"async\" width=\"700\" height=\"381\" src=\"https:\/\/behindagreatproject.com\/wp-content\/uploads\/2024\/02\/21.jpg\" alt=\"\" class=\"wp-image-1598\" srcset=\"https:\/\/behindagreatproject.com\/wp-content\/uploads\/2024\/02\/21.jpg 700w, https:\/\/behindagreatproject.com\/wp-content\/uploads\/2024\/02\/21-300x163.jpg 300w\" sizes=\"auto, (max-width: 700px) 100vw, 700px\" \/><\/figure>\n<\/div><\/div>\n<\/div>\n\n\n\n<div class=\"wp-block-group is-horizontal is-content-justification-left is-nowrap is-layout-flex wp-container-core-group-is-layout-73148322 wp-block-group-is-layout-flex\"><div class=\"wp-block-avatar\"><img alt='Avatar de Carlos' src='https:\/\/secure.gravatar.com\/avatar\/b784fbf3ef5153bd4a21106a81c854c0b64e3f8819fe31f233c072e7dd2ea549?s=75&#038;d=mm&#038;r=g' srcset='https:\/\/secure.gravatar.com\/avatar\/b784fbf3ef5153bd4a21106a81c854c0b64e3f8819fe31f233c072e7dd2ea549?s=150&#038;d=mm&#038;r=g 2x' class='avatar avatar-75 photo wp-block-avatar__image' height='75' width='75' \/><\/div>\n\n\n<div class=\"wp-block-group wp-container-content-19f5658e\"><div class=\"wp-block-group__inner-container is-layout-constrained wp-block-group-is-layout-constrained\">\n<p>22\/ Y s\u00f3lo por confirmar que todos entendemos lo grande de esta cubierta: el espesor de hormig\u00f3n en el extremo del voladizo es de 5 cm&#8230;otra vez, 5 cm&#8230;\ud83d\ude33 una pasada.<\/p>\n\n\n\n<p>5 cm son esto \ud83d\udc47\ud83c\udffb&#8230;tres dedos!!! (M\u00edos:)<\/p>\n\n\n\n<figure class=\"wp-block-image size-full\"><img loading=\"lazy\" decoding=\"async\" width=\"1536\" height=\"2048\" src=\"https:\/\/behindagreatproject.com\/wp-content\/uploads\/2024\/02\/22.jpg\" alt=\"\" class=\"wp-image-1600\" srcset=\"https:\/\/behindagreatproject.com\/wp-content\/uploads\/2024\/02\/22.jpg 1536w, https:\/\/behindagreatproject.com\/wp-content\/uploads\/2024\/02\/22-225x300.jpg 225w, https:\/\/behindagreatproject.com\/wp-content\/uploads\/2024\/02\/22-768x1024.jpg 768w\" sizes=\"auto, (max-width: 1536px) 100vw, 1536px\" \/><\/figure>\n<\/div><\/div>\n<\/div>\n\n\n\n<div class=\"wp-block-group is-horizontal is-content-justification-left is-nowrap is-layout-flex wp-container-core-group-is-layout-73148322 wp-block-group-is-layout-flex\"><div class=\"wp-block-avatar\"><img alt='Avatar de Carlos' src='https:\/\/secure.gravatar.com\/avatar\/b784fbf3ef5153bd4a21106a81c854c0b64e3f8819fe31f233c072e7dd2ea549?s=75&#038;d=mm&#038;r=g' srcset='https:\/\/secure.gravatar.com\/avatar\/b784fbf3ef5153bd4a21106a81c854c0b64e3f8819fe31f233c072e7dd2ea549?s=150&#038;d=mm&#038;r=g 2x' class='avatar avatar-75 photo wp-block-avatar__image' height='75' width='75' \/><\/div>\n\n\n<div class=\"wp-block-group wp-container-content-19f5658e\"><div class=\"wp-block-group__inner-container is-layout-constrained wp-block-group-is-layout-constrained\">\n<p>23\/ Vayan cualquier d\u00eda de carrera al hip\u00f3dromo, visiten el Museo Torroja que est\u00e1 dentro y que tiene unas maquetas maravillosas, y disfruten de una de las mejores obras que hay en el mundo.<\/p>\n\n\n\n<figure class=\"wp-block-image size-full\"><img loading=\"lazy\" decoding=\"async\" width=\"600\" height=\"400\" src=\"https:\/\/behindagreatproject.com\/wp-content\/uploads\/2024\/02\/23.jpg\" alt=\"\" class=\"wp-image-1602\" srcset=\"https:\/\/behindagreatproject.com\/wp-content\/uploads\/2024\/02\/23.jpg 600w, https:\/\/behindagreatproject.com\/wp-content\/uploads\/2024\/02\/23-300x200.jpg 300w\" sizes=\"auto, (max-width: 600px) 100vw, 600px\" \/><\/figure>\n<\/div><\/div>\n<\/div>\n\n\n\n<div class=\"wp-block-group is-horizontal is-content-justification-left is-nowrap is-layout-flex wp-container-core-group-is-layout-73148322 wp-block-group-is-layout-flex\"><div class=\"wp-block-avatar\"><img alt='Avatar de Carlos' src='https:\/\/secure.gravatar.com\/avatar\/b784fbf3ef5153bd4a21106a81c854c0b64e3f8819fe31f233c072e7dd2ea549?s=75&#038;d=mm&#038;r=g' srcset='https:\/\/secure.gravatar.com\/avatar\/b784fbf3ef5153bd4a21106a81c854c0b64e3f8819fe31f233c072e7dd2ea549?s=150&#038;d=mm&#038;r=g 2x' class='avatar avatar-75 photo wp-block-avatar__image' height='75' width='75' \/><\/div>\n\n\n<div class=\"wp-block-group wp-container-content-19f5658e\"><div class=\"wp-block-group__inner-container is-layout-constrained wp-block-group-is-layout-constrained\">\n<p>24\/ Y acabamos esta revisi\u00f3n de hoy hablando del tristemente desaparecido Front\u00f3n Recoletos. Me dejo muchas cosas atr\u00e1s por contar, pero cualquier d\u00eda puedo hacerlo.<\/p>\n\n\n\n<p>Obra de 1935 con el arquitecto Secundino Zuazo. Sufri\u00f3 varios impactos por bombardeos en la guerra y acab\u00f3 cayendo.<\/p>\n\n\n\n<figure class=\"wp-block-image size-full\"><img loading=\"lazy\" decoding=\"async\" width=\"600\" height=\"443\" src=\"https:\/\/behindagreatproject.com\/wp-content\/uploads\/2024\/02\/24.jpg\" alt=\"\" class=\"wp-image-1604\" srcset=\"https:\/\/behindagreatproject.com\/wp-content\/uploads\/2024\/02\/24.jpg 600w, https:\/\/behindagreatproject.com\/wp-content\/uploads\/2024\/02\/24-300x222.jpg 300w\" sizes=\"auto, (max-width: 600px) 100vw, 600px\" \/><\/figure>\n<\/div><\/div>\n<\/div>\n\n\n\n<div class=\"wp-block-group is-horizontal is-content-justification-left is-nowrap is-layout-flex wp-container-core-group-is-layout-73148322 wp-block-group-is-layout-flex\"><div class=\"wp-block-avatar\"><img alt='Avatar de Carlos' src='https:\/\/secure.gravatar.com\/avatar\/b784fbf3ef5153bd4a21106a81c854c0b64e3f8819fe31f233c072e7dd2ea549?s=75&#038;d=mm&#038;r=g' srcset='https:\/\/secure.gravatar.com\/avatar\/b784fbf3ef5153bd4a21106a81c854c0b64e3f8819fe31f233c072e7dd2ea549?s=150&#038;d=mm&#038;r=g 2x' class='avatar avatar-75 photo wp-block-avatar__image' height='75' width='75' \/><\/div>\n\n\n<div class=\"wp-block-group wp-container-content-19f5658e\"><div class=\"wp-block-group__inner-container is-layout-constrained wp-block-group-is-layout-constrained\">\n<p>25\/ En esta obra Torroja deja definitivamente la ingenier\u00eda a un lado y entra en el arte. \u00bfPor qu\u00e9 lo digo? Porque el quiebro de las dos l\u00e1minas asim\u00e9tricas que va a echar a volar lo es. Porque es movimiento y se aleja de la est\u00e1tica del ingeniero.<\/p>\n\n\n\n<figure class=\"wp-block-image size-full\"><img loading=\"lazy\" decoding=\"async\" width=\"680\" height=\"510\" src=\"https:\/\/behindagreatproject.com\/wp-content\/uploads\/2024\/02\/25.jpg\" alt=\"\" class=\"wp-image-1606\" srcset=\"https:\/\/behindagreatproject.com\/wp-content\/uploads\/2024\/02\/25.jpg 680w, https:\/\/behindagreatproject.com\/wp-content\/uploads\/2024\/02\/25-300x225.jpg 300w\" sizes=\"auto, (max-width: 680px) 100vw, 680px\" \/><\/figure>\n<\/div><\/div>\n<\/div>\n\n\n\n<div class=\"wp-block-group is-horizontal is-content-justification-left is-nowrap is-layout-flex wp-container-core-group-is-layout-73148322 wp-block-group-is-layout-flex\"><div class=\"wp-block-avatar\"><img alt='Avatar de Carlos' src='https:\/\/secure.gravatar.com\/avatar\/b784fbf3ef5153bd4a21106a81c854c0b64e3f8819fe31f233c072e7dd2ea549?s=75&#038;d=mm&#038;r=g' srcset='https:\/\/secure.gravatar.com\/avatar\/b784fbf3ef5153bd4a21106a81c854c0b64e3f8819fe31f233c072e7dd2ea549?s=150&#038;d=mm&#038;r=g 2x' class='avatar avatar-75 photo wp-block-avatar__image' height='75' width='75' \/><\/div>\n\n\n<div class=\"wp-block-group wp-container-content-19f5658e\"><div class=\"wp-block-group__inner-container is-layout-constrained wp-block-group-is-layout-constrained\">\n<p>26\/ Porque Torroja tuvo que pasar por encima del empuje descompensado de las l\u00e1minas para crear esa visi\u00f3n. Y pudo reforzar de m\u00faltiples formas la estructura para que trabajara de otra forma y no lo hizo. Y las fotos dan fe de que era otra cosa. Arte. Y ya.<\/p>\n\n\n\n<figure class=\"wp-block-image size-full\"><img loading=\"lazy\" decoding=\"async\" width=\"680\" height=\"512\" src=\"https:\/\/behindagreatproject.com\/wp-content\/uploads\/2024\/02\/26-1.jpg\" alt=\"\" class=\"wp-image-1610\" srcset=\"https:\/\/behindagreatproject.com\/wp-content\/uploads\/2024\/02\/26-1.jpg 680w, https:\/\/behindagreatproject.com\/wp-content\/uploads\/2024\/02\/26-1-300x226.jpg 300w\" sizes=\"auto, (max-width: 680px) 100vw, 680px\" \/><\/figure>\n<\/div><\/div>\n<\/div>\n\n\n\n<div class=\"wp-block-group is-horizontal is-content-justification-left is-nowrap is-layout-flex wp-container-core-group-is-layout-73148322 wp-block-group-is-layout-flex\"><div class=\"wp-block-avatar\"><img alt='Avatar de Carlos' src='https:\/\/secure.gravatar.com\/avatar\/b784fbf3ef5153bd4a21106a81c854c0b64e3f8819fe31f233c072e7dd2ea549?s=75&#038;d=mm&#038;r=g' srcset='https:\/\/secure.gravatar.com\/avatar\/b784fbf3ef5153bd4a21106a81c854c0b64e3f8819fe31f233c072e7dd2ea549?s=150&#038;d=mm&#038;r=g 2x' class='avatar avatar-75 photo wp-block-avatar__image' height='75' width='75' \/><\/div>\n\n\n<div class=\"wp-block-group wp-container-content-19f5658e\"><div class=\"wp-block-group__inner-container is-layout-constrained wp-block-group-is-layout-constrained\">\n<p>27\/ Hubo varios factores que pudieron ayudar a que cayera: empleo de cemento r\u00e1pido y descimbrado tambi\u00e9n r\u00e1pido. El plazo de la obra fue criminal y eso no creo que ayudara.<\/p>\n\n\n\n<p>La obra la hizo Huarte, donde estaba Fern\u00e1ndez Casado y dec\u00eda que al descimbrar tuvo ya deformaciones.<\/p>\n\n\n\n<figure class=\"wp-block-image size-full\"><img loading=\"lazy\" decoding=\"async\" width=\"1768\" height=\"895\" src=\"https:\/\/behindagreatproject.com\/wp-content\/uploads\/2024\/02\/27.jpg\" alt=\"\" class=\"wp-image-1612\" srcset=\"https:\/\/behindagreatproject.com\/wp-content\/uploads\/2024\/02\/27.jpg 1768w, https:\/\/behindagreatproject.com\/wp-content\/uploads\/2024\/02\/27-300x152.jpg 300w, https:\/\/behindagreatproject.com\/wp-content\/uploads\/2024\/02\/27-1024x518.jpg 1024w, https:\/\/behindagreatproject.com\/wp-content\/uploads\/2024\/02\/27-768x389.jpg 768w\" sizes=\"auto, (max-width: 1768px) 100vw, 1768px\" \/><\/figure>\n<\/div><\/div>\n<\/div>\n\n\n\n<div class=\"wp-block-group is-horizontal is-content-justification-left is-nowrap is-layout-flex wp-container-core-group-is-layout-73148322 wp-block-group-is-layout-flex\"><div class=\"wp-block-avatar\"><img alt='Avatar de Carlos' src='https:\/\/secure.gravatar.com\/avatar\/b784fbf3ef5153bd4a21106a81c854c0b64e3f8819fe31f233c072e7dd2ea549?s=75&#038;d=mm&#038;r=g' srcset='https:\/\/secure.gravatar.com\/avatar\/b784fbf3ef5153bd4a21106a81c854c0b64e3f8819fe31f233c072e7dd2ea549?s=150&#038;d=mm&#038;r=g 2x' class='avatar avatar-75 photo wp-block-avatar__image' height='75' width='75' \/><\/div>\n\n\n<div class=\"wp-block-group wp-container-content-19f5658e\"><div class=\"wp-block-group__inner-container is-layout-constrained wp-block-group-is-layout-constrained\">\n<p>28\/ Pero no nos liemos, cay\u00f3 por las bombas. Fin.<\/p>\n\n\n\n<p>Fue una obra s\u00faper arriesgada, con esos lucernarios en la l\u00e1mina tambi\u00e9n. Mi opini\u00f3n, aunque no vale para mucho, es que hubiera tenido mala vida, pero seguir\u00edamos teniendo una obra de arte de la ingenier\u00eda.<\/p>\n\n\n\n<p>Qu\u00e9 me dec\u00eds de la maqueta<\/p>\n\n\n\n<figure class=\"wp-block-image size-full\"><img loading=\"lazy\" decoding=\"async\" width=\"510\" height=\"680\" src=\"https:\/\/behindagreatproject.com\/wp-content\/uploads\/2024\/02\/28.jpg\" alt=\"\" class=\"wp-image-1614\" srcset=\"https:\/\/behindagreatproject.com\/wp-content\/uploads\/2024\/02\/28.jpg 510w, https:\/\/behindagreatproject.com\/wp-content\/uploads\/2024\/02\/28-225x300.jpg 225w\" sizes=\"auto, (max-width: 510px) 100vw, 510px\" \/><\/figure>\n<\/div><\/div>\n<\/div>\n\n\n\n<div class=\"wp-block-group is-horizontal is-content-justification-left is-nowrap is-layout-flex wp-container-core-group-is-layout-73148322 wp-block-group-is-layout-flex\"><div class=\"wp-block-avatar\"><img alt='Avatar de Carlos' src='https:\/\/secure.gravatar.com\/avatar\/b784fbf3ef5153bd4a21106a81c854c0b64e3f8819fe31f233c072e7dd2ea549?s=75&#038;d=mm&#038;r=g' srcset='https:\/\/secure.gravatar.com\/avatar\/b784fbf3ef5153bd4a21106a81c854c0b64e3f8819fe31f233c072e7dd2ea549?s=150&#038;d=mm&#038;r=g 2x' class='avatar avatar-75 photo wp-block-avatar__image' height='75' width='75' \/><\/div>\n\n\n<div class=\"wp-block-group wp-container-content-19f5658e\"><div class=\"wp-block-group__inner-container is-layout-constrained wp-block-group-is-layout-constrained\">\n<p>29\/ La parte m\u00e1s fina de la l\u00e1mina de hormig\u00f3n de 8 cm, ponedle un dedo m\u00e1s a la foto tonta de antes \ud83d\ude09<\/p>\n\n\n\n<p>Mirad el encofrado de madera. Contaba Torroja que hab\u00eda tanta prisa por inaugurar que el dinero daba igual&#8230;Espa\u00f1a 1936&#8230;o l\u00e9ase en cualquier \u00e9poca.<\/p>\n\n\n\n<p>Barato no fue, no.<\/p>\n\n\n\n<figure class=\"wp-block-image size-full\"><img loading=\"lazy\" decoding=\"async\" width=\"500\" height=\"324\" src=\"https:\/\/behindagreatproject.com\/wp-content\/uploads\/2024\/02\/29.jpg\" alt=\"\" class=\"wp-image-1616\" srcset=\"https:\/\/behindagreatproject.com\/wp-content\/uploads\/2024\/02\/29.jpg 500w, https:\/\/behindagreatproject.com\/wp-content\/uploads\/2024\/02\/29-300x194.jpg 300w\" sizes=\"auto, (max-width: 500px) 100vw, 500px\" \/><\/figure>\n<\/div><\/div>\n<\/div>\n\n\n\n<div class=\"wp-block-group is-horizontal is-content-justification-left is-nowrap is-layout-flex wp-container-core-group-is-layout-73148322 wp-block-group-is-layout-flex\"><div class=\"wp-block-avatar\"><img alt='Avatar de Carlos' src='https:\/\/secure.gravatar.com\/avatar\/b784fbf3ef5153bd4a21106a81c854c0b64e3f8819fe31f233c072e7dd2ea549?s=75&#038;d=mm&#038;r=g' srcset='https:\/\/secure.gravatar.com\/avatar\/b784fbf3ef5153bd4a21106a81c854c0b64e3f8819fe31f233c072e7dd2ea549?s=150&#038;d=mm&#038;r=g 2x' class='avatar avatar-75 photo wp-block-avatar__image' height='75' width='75' \/><\/div>\n\n\n<div class=\"wp-block-group wp-container-content-19f5658e\"><div class=\"wp-block-group__inner-container is-layout-constrained wp-block-group-is-layout-constrained\">\n<p>30\/ Y ese fue, tras la guerra, una de las causas de que m\u00e1s l\u00e1minas de hormig\u00f3n cayeran en desuso: el coste. S\u00f3lo Felix Candela sigui\u00f3 su obra al otro lado del Atl\u00e1ntico, pero eso ser\u00e1 otra historia.<\/p>\n\n\n\n<p>Y es que Torroja pensaba que no s\u00f3lo los criterios econ\u00f3micos deb\u00edan regir.<\/p>\n\n\n\n<figure class=\"wp-block-image size-full\"><img loading=\"lazy\" decoding=\"async\" width=\"900\" height=\"675\" src=\"https:\/\/behindagreatproject.com\/wp-content\/uploads\/2024\/02\/30.jpg\" alt=\"\" class=\"wp-image-1618\" srcset=\"https:\/\/behindagreatproject.com\/wp-content\/uploads\/2024\/02\/30.jpg 900w, https:\/\/behindagreatproject.com\/wp-content\/uploads\/2024\/02\/30-300x225.jpg 300w, https:\/\/behindagreatproject.com\/wp-content\/uploads\/2024\/02\/30-768x576.jpg 768w\" sizes=\"auto, (max-width: 900px) 100vw, 900px\" \/><\/figure>\n<\/div><\/div>\n<\/div>\n\n\n\n<div class=\"wp-block-group is-horizontal is-content-justification-left is-nowrap is-layout-flex wp-container-core-group-is-layout-73148322 wp-block-group-is-layout-flex\"><div class=\"wp-block-avatar\"><img alt='Avatar de Carlos' src='https:\/\/secure.gravatar.com\/avatar\/b784fbf3ef5153bd4a21106a81c854c0b64e3f8819fe31f233c072e7dd2ea549?s=75&#038;d=mm&#038;r=g' srcset='https:\/\/secure.gravatar.com\/avatar\/b784fbf3ef5153bd4a21106a81c854c0b64e3f8819fe31f233c072e7dd2ea549?s=150&#038;d=mm&#038;r=g 2x' class='avatar avatar-75 photo wp-block-avatar__image' height='75' width='75' \/><\/div>\n\n\n<div class=\"wp-block-group wp-container-content-19f5658e\"><div class=\"wp-block-group__inner-container is-layout-constrained wp-block-group-is-layout-constrained\">\n<p>31\/ A los pocos que hay\u00e1is llegado hasta aqu\u00ed os cuento el punto personal: yo hice estructuras en Caminos por este libro que era de mi padre \ud83d\udc47\ud83c\udffb. En cuarto me lo sab\u00eda&#8230;no s\u00e9 c\u00f3mo empec\u00e9 a leerlo, pero pens\u00e9 \u201cyo quiero eso\u201d&#8230;y si no, contarlo, a\u00f1adir\u00eda hoy veinte a\u00f1os despu\u00e9s.<\/p>\n\n\n\n<figure class=\"wp-block-image size-full\"><img loading=\"lazy\" decoding=\"async\" width=\"510\" height=\"680\" src=\"https:\/\/behindagreatproject.com\/wp-content\/uploads\/2024\/02\/31.jpg\" alt=\"\" class=\"wp-image-1620\" srcset=\"https:\/\/behindagreatproject.com\/wp-content\/uploads\/2024\/02\/31.jpg 510w, https:\/\/behindagreatproject.com\/wp-content\/uploads\/2024\/02\/31-225x300.jpg 225w\" sizes=\"auto, (max-width: 510px) 100vw, 510px\" \/><\/figure>\n<\/div><\/div>\n<\/div>\n\n\n\n<div class=\"wp-block-group is-horizontal is-content-justification-left is-nowrap is-layout-flex wp-container-core-group-is-layout-73148322 wp-block-group-is-layout-flex\"><div class=\"wp-block-avatar\"><img alt='Avatar de Carlos' src='https:\/\/secure.gravatar.com\/avatar\/b784fbf3ef5153bd4a21106a81c854c0b64e3f8819fe31f233c072e7dd2ea549?s=75&#038;d=mm&#038;r=g' srcset='https:\/\/secure.gravatar.com\/avatar\/b784fbf3ef5153bd4a21106a81c854c0b64e3f8819fe31f233c072e7dd2ea549?s=150&#038;d=mm&#038;r=g 2x' class='avatar avatar-75 photo wp-block-avatar__image' height='75' width='75' \/><\/div>\n\n\n<div class=\"wp-block-group wp-container-content-19f5658e\"><div class=\"wp-block-group__inner-container is-layout-constrained wp-block-group-is-layout-constrained\">\n<p>32\/ Dejamos a Torroja saliendo de Espa\u00f1a pocos meses despu\u00e9s de que empezara la Guerra Civil de poliz\u00f3n en un barco. Seguiremos en la segunda parte de este cap\u00edtulo. Espero no tardar en contarlo \ud83d\ude09<\/p>\n\n\n\n<p>Y yo tambi\u00e9n os dejo por hoy. Ojal\u00e1 os haya ayudado a conocer mejor nuestra historia.<\/p>\n<\/div><\/div>\n<\/div>\n\n\n\n<div class=\"wp-block-group is-horizontal is-content-justification-left is-nowrap is-layout-flex wp-container-core-group-is-layout-73148322 wp-block-group-is-layout-flex\"><div class=\"wp-block-avatar\"><img alt='Avatar de Carlos' src='https:\/\/secure.gravatar.com\/avatar\/b784fbf3ef5153bd4a21106a81c854c0b64e3f8819fe31f233c072e7dd2ea549?s=75&#038;d=mm&#038;r=g' srcset='https:\/\/secure.gravatar.com\/avatar\/b784fbf3ef5153bd4a21106a81c854c0b64e3f8819fe31f233c072e7dd2ea549?s=150&#038;d=mm&#038;r=g 2x' class='avatar avatar-75 photo wp-block-avatar__image' height='75' width='75' \/><\/div>\n\n\n<div class=\"wp-block-group wp-container-content-19f5658e\"><div class=\"wp-block-group__inner-container is-layout-constrained wp-block-group-is-layout-constrained\">\n<p>33\/ La bibliograf\u00eda de hoy (hay uno que no aparece)<\/p>\n\n\n\n<p>Muchas gracias. Buenas noches.<\/p>\n\n\n\n<figure class=\"wp-block-image size-full\"><img loading=\"lazy\" decoding=\"async\" width=\"2048\" height=\"1596\" src=\"https:\/\/behindagreatproject.com\/wp-content\/uploads\/2024\/02\/33.jpg\" alt=\"\" class=\"wp-image-1622\" srcset=\"https:\/\/behindagreatproject.com\/wp-content\/uploads\/2024\/02\/33.jpg 2048w, https:\/\/behindagreatproject.com\/wp-content\/uploads\/2024\/02\/33-300x234.jpg 300w, https:\/\/behindagreatproject.com\/wp-content\/uploads\/2024\/02\/33-1024x798.jpg 1024w, https:\/\/behindagreatproject.com\/wp-content\/uploads\/2024\/02\/33-768x599.jpg 768w, https:\/\/behindagreatproject.com\/wp-content\/uploads\/2024\/02\/33-1920x1496.jpg 1920w\" sizes=\"auto, (max-width: 2048px) 100vw, 2048px\" \/><\/figure>\n<\/div><\/div>\n<\/div>\n","protected":false},"featured_media":0,"comment_status":"open","ping_status":"closed","template":"","class_list":["post-1553","ingehistoria","type-ingehistoria","status-publish","hentry"],"acf":[],"yoast_head":"<!-- This site is optimized with the Yoast SEO plugin v26.1.1 - https:\/\/yoast.com\/wordpress\/plugins\/seo\/ -->\n<title>El despertar del hormig\u00f3n II - Behind a Great Project<\/title>\n<meta name=\"robots\" content=\"index, follow, max-snippet:-1, max-image-preview:large, max-video-preview:-1\" \/>\n<link rel=\"canonical\" href=\"https:\/\/behindagreatproject.com\/es\/ingehistoria\/el-despertar-del-hormigon-ii\/\" \/>\n<meta property=\"og:locale\" content=\"es_ES\" \/>\n<meta property=\"og:type\" content=\"article\" \/>\n<meta property=\"og:title\" content=\"El despertar del hormig\u00f3n II - Behind a Great Project\" \/>\n<meta property=\"og:description\" content=\"EPISODIO II: EDUARDO TORROJA Primera parte: Los a\u00f1os hasta la Guerra Civil (1899-1936) (Cuadro de Dami\u00e1n Flores) 2\/ Eduardo Torroja Miret nace en 1899 en Madrid y siempre se sinti\u00f3 muy madrile\u00f1o. \u00c9l fue, adem\u00e1s, profeta en su hogar y en ella se encuentran algunas de sus mejores obras. Su padre, sus dos hermanos y [&hellip;]\" \/>\n<meta property=\"og:url\" content=\"https:\/\/behindagreatproject.com\/es\/ingehistoria\/el-despertar-del-hormigon-ii\/\" \/>\n<meta property=\"og:site_name\" content=\"Behind a Great Project\" \/>\n<meta property=\"article:modified_time\" content=\"2024-02-24T06:21:22+00:00\" \/>\n<meta property=\"og:image\" content=\"https:\/\/behindagreatproject.com\/wp-content\/uploads\/2024\/02\/1-4.jpg\" \/>\n<meta name=\"twitter:card\" content=\"summary_large_image\" \/>\n<meta name=\"twitter:label1\" content=\"Tiempo de lectura\" \/>\n\t<meta name=\"twitter:data1\" content=\"14 minutos\" \/>\n<script type=\"application\/ld+json\" class=\"yoast-schema-graph\">{\"@context\":\"https:\/\/schema.org\",\"@graph\":[{\"@type\":\"WebPage\",\"@id\":\"https:\/\/behindagreatproject.com\/es\/ingehistoria\/el-despertar-del-hormigon-ii\/\",\"url\":\"https:\/\/behindagreatproject.com\/es\/ingehistoria\/el-despertar-del-hormigon-ii\/\",\"name\":\"El despertar del hormig\u00f3n II - Behind a Great Project\",\"isPartOf\":{\"@id\":\"https:\/\/behindagreatproject.com\/es\/#website\"},\"primaryImageOfPage\":{\"@id\":\"https:\/\/behindagreatproject.com\/es\/ingehistoria\/el-despertar-del-hormigon-ii\/#primaryimage\"},\"image\":{\"@id\":\"https:\/\/behindagreatproject.com\/es\/ingehistoria\/el-despertar-del-hormigon-ii\/#primaryimage\"},\"thumbnailUrl\":\"https:\/\/behindagreatproject.com\/wp-content\/uploads\/2024\/02\/1-4.jpg\",\"datePublished\":\"2024-02-24T06:21:19+00:00\",\"dateModified\":\"2024-02-24T06:21:22+00:00\",\"breadcrumb\":{\"@id\":\"https:\/\/behindagreatproject.com\/es\/ingehistoria\/el-despertar-del-hormigon-ii\/#breadcrumb\"},\"inLanguage\":\"es\",\"potentialAction\":[{\"@type\":\"ReadAction\",\"target\":[\"https:\/\/behindagreatproject.com\/es\/ingehistoria\/el-despertar-del-hormigon-ii\/\"]}]},{\"@type\":\"ImageObject\",\"inLanguage\":\"es\",\"@id\":\"https:\/\/behindagreatproject.com\/es\/ingehistoria\/el-despertar-del-hormigon-ii\/#primaryimage\",\"url\":\"https:\/\/behindagreatproject.com\/wp-content\/uploads\/2024\/02\/1-4.jpg\",\"contentUrl\":\"https:\/\/behindagreatproject.com\/wp-content\/uploads\/2024\/02\/1-4.jpg\"},{\"@type\":\"BreadcrumbList\",\"@id\":\"https:\/\/behindagreatproject.com\/es\/ingehistoria\/el-despertar-del-hormigon-ii\/#breadcrumb\",\"itemListElement\":[{\"@type\":\"ListItem\",\"position\":1,\"name\":\"Home\",\"item\":\"https:\/\/behindagreatproject.com\/es\/\"},{\"@type\":\"ListItem\",\"position\":2,\"name\":\"Ingehistoria\",\"item\":\"https:\/\/behindagreatproject.com\/es\/ingehistoria\/\"},{\"@type\":\"ListItem\",\"position\":3,\"name\":\"El despertar del hormig\u00f3n II\"}]},{\"@type\":\"WebSite\",\"@id\":\"https:\/\/behindagreatproject.com\/es\/#website\",\"url\":\"https:\/\/behindagreatproject.com\/es\/\",\"name\":\"Behind a Great Project\",\"description\":\"Great Engineering around the World\",\"potentialAction\":[{\"@type\":\"SearchAction\",\"target\":{\"@type\":\"EntryPoint\",\"urlTemplate\":\"https:\/\/behindagreatproject.com\/es\/?s={search_term_string}\"},\"query-input\":{\"@type\":\"PropertyValueSpecification\",\"valueRequired\":true,\"valueName\":\"search_term_string\"}}],\"inLanguage\":\"es\"}]}<\/script>\n<!-- \/ Yoast SEO plugin. -->","yoast_head_json":{"title":"El despertar del hormig\u00f3n II - Behind a Great Project","robots":{"index":"index","follow":"follow","max-snippet":"max-snippet:-1","max-image-preview":"max-image-preview:large","max-video-preview":"max-video-preview:-1"},"canonical":"https:\/\/behindagreatproject.com\/es\/ingehistoria\/el-despertar-del-hormigon-ii\/","og_locale":"es_ES","og_type":"article","og_title":"El despertar del hormig\u00f3n II - Behind a Great Project","og_description":"EPISODIO II: EDUARDO TORROJA Primera parte: Los a\u00f1os hasta la Guerra Civil (1899-1936) (Cuadro de Dami\u00e1n Flores) 2\/ Eduardo Torroja Miret nace en 1899 en Madrid y siempre se sinti\u00f3 muy madrile\u00f1o. \u00c9l fue, adem\u00e1s, profeta en su hogar y en ella se encuentran algunas de sus mejores obras. Su padre, sus dos hermanos y [&hellip;]","og_url":"https:\/\/behindagreatproject.com\/es\/ingehistoria\/el-despertar-del-hormigon-ii\/","og_site_name":"Behind a Great Project","article_modified_time":"2024-02-24T06:21:22+00:00","og_image":[{"url":"https:\/\/behindagreatproject.com\/wp-content\/uploads\/2024\/02\/1-4.jpg","type":"","width":"","height":""}],"twitter_card":"summary_large_image","twitter_misc":{"Tiempo de lectura":"14 minutos"},"schema":{"@context":"https:\/\/schema.org","@graph":[{"@type":"WebPage","@id":"https:\/\/behindagreatproject.com\/es\/ingehistoria\/el-despertar-del-hormigon-ii\/","url":"https:\/\/behindagreatproject.com\/es\/ingehistoria\/el-despertar-del-hormigon-ii\/","name":"El despertar del hormig\u00f3n II - Behind a Great Project","isPartOf":{"@id":"https:\/\/behindagreatproject.com\/es\/#website"},"primaryImageOfPage":{"@id":"https:\/\/behindagreatproject.com\/es\/ingehistoria\/el-despertar-del-hormigon-ii\/#primaryimage"},"image":{"@id":"https:\/\/behindagreatproject.com\/es\/ingehistoria\/el-despertar-del-hormigon-ii\/#primaryimage"},"thumbnailUrl":"https:\/\/behindagreatproject.com\/wp-content\/uploads\/2024\/02\/1-4.jpg","datePublished":"2024-02-24T06:21:19+00:00","dateModified":"2024-02-24T06:21:22+00:00","breadcrumb":{"@id":"https:\/\/behindagreatproject.com\/es\/ingehistoria\/el-despertar-del-hormigon-ii\/#breadcrumb"},"inLanguage":"es","potentialAction":[{"@type":"ReadAction","target":["https:\/\/behindagreatproject.com\/es\/ingehistoria\/el-despertar-del-hormigon-ii\/"]}]},{"@type":"ImageObject","inLanguage":"es","@id":"https:\/\/behindagreatproject.com\/es\/ingehistoria\/el-despertar-del-hormigon-ii\/#primaryimage","url":"https:\/\/behindagreatproject.com\/wp-content\/uploads\/2024\/02\/1-4.jpg","contentUrl":"https:\/\/behindagreatproject.com\/wp-content\/uploads\/2024\/02\/1-4.jpg"},{"@type":"BreadcrumbList","@id":"https:\/\/behindagreatproject.com\/es\/ingehistoria\/el-despertar-del-hormigon-ii\/#breadcrumb","itemListElement":[{"@type":"ListItem","position":1,"name":"Home","item":"https:\/\/behindagreatproject.com\/es\/"},{"@type":"ListItem","position":2,"name":"Ingehistoria","item":"https:\/\/behindagreatproject.com\/es\/ingehistoria\/"},{"@type":"ListItem","position":3,"name":"El despertar del hormig\u00f3n II"}]},{"@type":"WebSite","@id":"https:\/\/behindagreatproject.com\/es\/#website","url":"https:\/\/behindagreatproject.com\/es\/","name":"Behind a Great Project","description":"Great Engineering around the World","potentialAction":[{"@type":"SearchAction","target":{"@type":"EntryPoint","urlTemplate":"https:\/\/behindagreatproject.com\/es\/?s={search_term_string}"},"query-input":{"@type":"PropertyValueSpecification","valueRequired":true,"valueName":"search_term_string"}}],"inLanguage":"es"}]}},"_links":{"self":[{"href":"https:\/\/behindagreatproject.com\/es\/wp-json\/wp\/v2\/ingehistoria\/1553","targetHints":{"allow":["GET"]}}],"collection":[{"href":"https:\/\/behindagreatproject.com\/es\/wp-json\/wp\/v2\/ingehistoria"}],"about":[{"href":"https:\/\/behindagreatproject.com\/es\/wp-json\/wp\/v2\/types\/ingehistoria"}],"replies":[{"embeddable":true,"href":"https:\/\/behindagreatproject.com\/es\/wp-json\/wp\/v2\/comments?post=1553"}],"wp:attachment":[{"href":"https:\/\/behindagreatproject.com\/es\/wp-json\/wp\/v2\/media?parent=1553"}],"curies":[{"name":"wp","href":"https:\/\/api.w.org\/{rel}","templated":true}]}}